{"id":1847,"date":"2022-12-13T16:21:54","date_gmt":"2022-12-13T15:21:54","guid":{"rendered":"https:\/\/ukf.umea.se\/?page_id=1847"},"modified":"2022-12-14T14:19:55","modified_gmt":"2022-12-14T13:19:55","slug":"integritetspolicy","status":"publish","type":"page","link":"https:\/\/www.ukf.umea.se\/en\/integritetspolicy\/","title":{"rendered":"Integritetspolicy"},"content":{"rendered":"<div data-elementor-type=\"wp-page\" data-elementor-id=\"1847\" class=\"elementor elementor-1847\" data-elementor-post-type=\"page\">\n\t\t\t\t\t\t<section class=\"elementor-section elementor-top-section elementor-element elementor-element-50b6c16 elementor-section-boxed elementor-section-height-default elementor-section-height-default\" data-id=\"50b6c16\" data-element_type=\"section\" data-e-type=\"section\">\n\t\t\t\t\t\t<div class=\"elementor-container elementor-column-gap-default\">\n\t\t\t\t\t<div class=\"elementor-column elementor-col-100 elementor-top-column elementor-element elementor-element-4ccf380\" data-id=\"4ccf380\" data-element_type=\"column\" data-e-type=\"column\">\n\t\t\t<div class=\"elementor-widget-wrap elementor-element-populated\">\n\t\t\t\t\t\t<div class=\"elementor-element elementor-element-169f1c8 elementor-widget elementor-widget-toggle\" data-id=\"169f1c8\" data-element_type=\"widget\" data-e-type=\"widget\" data-widget_type=\"toggle.default\">\n\t\t\t\t<div class=\"elementor-widget-container\">\n\t\t\t\t\t\t\t<div class=\"elementor-toggle\">\n\t\t\t\t\t\t\t<div class=\"elementor-toggle-item\">\n\t\t\t\t\t<h2 id=\"elementor-tab-title-2371\" class=\"elementor-tab-title\" data-tab=\"1\" role=\"button\" aria-controls=\"elementor-tab-content-2371\" aria-expanded=\"false\">\n\t\t\t\t\t\t\t\t\t\t\t\t<span class=\"elementor-toggle-icon elementor-toggle-icon-right\" aria-hidden=\"true\">\n\t\t\t\t\t\t\t\t\t\t\t\t\t\t\t<span class=\"elementor-toggle-icon-closed\"><i class=\"fas fa-caret-down\"><\/i><\/span>\n\t\t\t\t\t\t\t\t<span class=\"elementor-toggle-icon-opened\"><i class=\"elementor-toggle-icon-opened fas fa-caret-up\"><\/i><\/span>\n\t\t\t\t\t\t\t\t\t\t\t\t\t<\/span>\n\t\t\t\t\t\t\t\t\t\t\t\t<a class=\"elementor-toggle-title\" tabindex=\"0\">1. Personuppgiftsansvarig & kontaktuppgifter<\/a>\n\t\t\t\t\t<\/h2>\n\n\t\t\t\t\t<div id=\"elementor-tab-content-2371\" class=\"elementor-tab-content elementor-clearfix\" data-tab=\"1\" role=\"region\" aria-labelledby=\"elementor-tab-title-2371\"><h3>1.1 Introduktion<\/h3><p style=\"font-weight: 400;\">Ume\u00e5 Kommunf\u00f6retag AB v\u00e4rnar om din personliga integritet och dina personuppgifter. Vi efterstr\u00e4var en h\u00f6g niv\u00e5 av dataskydd och f\u00f6ljer de g\u00e4llande lagar, branschregler och andra relaterade standarder som finns f\u00f6r att skydda privatpersoners integritet och r\u00e4ttigheter. Vi vill med denna policy f\u00f6rklara vilka personuppgifter vi samlar in om dig och vad de kommer att anv\u00e4ndas till f\u00f6r att visa hur vi s\u00e4kerst\u00e4ller att dina personuppgifter hanteras enligt g\u00e4llande dataskyddslagstiftning.<\/p><h3>1.2 Personuppgiftsansvarig<\/h3><p style=\"font-weight: 400;\">Ume\u00e5 Kommunf\u00f6retag Aktiebolag (556051-9562) (h\u00e4danefter \u201dUme\u00e5 Kommunf\u00f6retag\u201d, \u201cvi\u201d, \u201coss\u201d) \u00e4r personuppgiftsansvarig f\u00f6r behandling av dina personuppgifter.<\/p><h2>\u00a0<\/h2><h3>1.3 Kontakta oss om du vill ut\u00f6va dina r\u00e4ttigheter eller har fr\u00e5gor om dataskydd<\/h3><p style=\"font-weight: 400;\">Ume\u00e5 Kommunf\u00f6retag g\u00f6r allt f\u00f6r att s\u00e4kerst\u00e4lla att all data vi behandlar \u00e4r korrekt. Detta g\u00e4ller naturligtvis ocks\u00e5 f\u00f6r all personlig information vi behandlar. Du \u00e4r v\u00e4lkommen att kontakta oss om du vill ut\u00f6va dina r\u00e4ttigheter eller har fr\u00e5gor om integritet och dataskydd:<\/p><p style=\"font-weight: 400;\"><strong>Ume\u00e5 Kommunf\u00f6retag AB<\/strong><br \/>R\u00e5dhusesplanaden 8<br \/>903 28 UME\u00c5<br \/>Phone: 090-16 10 00<br \/>E-mail: <a href=\"mailto:dataskydd.ukf@umea.se\">dataskydd.ukf@umea.se<\/a><\/p><p style=\"font-weight: 400;\"><strong>\u00a0<\/strong><\/p><p style=\"font-weight: 400;\"><strong>Dataskyddsombud<\/strong><\/p><p style=\"font-weight: 400;\">Daniel Glaad<br \/>Telefon: 073-620 01 25<br \/>E-mail: <a href=\"mailto:dso.ukf@insatt.com\">dso.ukf@insatt.com<\/a><\/p><p style=\"font-weight: 400;\">\u00a0<\/p><p style=\"font-weight: 400;\">Om du har synpunkter p\u00e5 v\u00e5r behandling eller inte \u00e4r n\u00f6jd med det svar du har f\u00e5tt har du enligt dataskyddslagstiftningen r\u00e4tt att l\u00e4mna klagom\u00e5l ang\u00e5ende v\u00e5r behandling av dina personuppgifter till Integritetsskyddsmyndigheten (IMY).<\/p><p style=\"font-weight: 400;\"><strong>Kontaktuppgifter till IMY:<\/strong><\/p><p style=\"font-weight: 400;\">Integritetsskyddsmyndigheten<\/p><p style=\"font-weight: 400;\">Box 8114<br \/>104 20 Stockholm<br \/>Telefon: 08-657 61 00<br \/>E-mail:\u00a0<a href=\"mailto:imy@imy.se\">imy@imy.se<\/a><\/p><p style=\"font-weight: 400;\"><br \/>More information on current data protection legislation can be found at <a href=\"https:\/\/www.imy.se\/\" target=\"_blank\" rel=\"noopener\">www.imy.se<\/a>. \u00a0<\/p><\/div>\n\t\t\t\t<\/div>\n\t\t\t\t\t\t\t<div class=\"elementor-toggle-item\">\n\t\t\t\t\t<h2 id=\"elementor-tab-title-2372\" class=\"elementor-tab-title\" data-tab=\"2\" role=\"button\" aria-controls=\"elementor-tab-content-2372\" aria-expanded=\"false\">\n\t\t\t\t\t\t\t\t\t\t\t\t<span class=\"elementor-toggle-icon elementor-toggle-icon-right\" aria-hidden=\"true\">\n\t\t\t\t\t\t\t\t\t\t\t\t\t\t\t<span class=\"elementor-toggle-icon-closed\"><i class=\"fas fa-caret-down\"><\/i><\/span>\n\t\t\t\t\t\t\t\t<span class=\"elementor-toggle-icon-opened\"><i class=\"elementor-toggle-icon-opened fas fa-caret-up\"><\/i><\/span>\n\t\t\t\t\t\t\t\t\t\t\t\t\t<\/span>\n\t\t\t\t\t\t\t\t\t\t\t\t<a class=\"elementor-toggle-title\" tabindex=\"0\">2. Dina r\u00e4ttigheter <\/a>\n\t\t\t\t\t<\/h2>\n\n\t\t\t\t\t<div id=\"elementor-tab-content-2372\" class=\"elementor-tab-content elementor-clearfix\" data-tab=\"2\" role=\"region\" aria-labelledby=\"elementor-tab-title-2372\"><p style=\"font-weight: 400;\">Som registrerad har du vissa r\u00e4ttigheter. R\u00e4ttigheterna finns i dataskyddsf\u00f6rordningen och framg\u00e5r nedan. N\u00e4r du vill utnyttja dina r\u00e4ttigheter \u00e4r du v\u00e4lkommen att kontakta oss, kontaktuppgifter finns under punkten 1.3 i denna policy.<\/p><p style=\"font-weight: 400;\">N\u00e4r du utnyttjar dina r\u00e4ttigheter \u00e4r v\u00e5r utg\u00e5ngspunkt att f\u00f6lja din beg\u00e4ran och \u00e5terkoppla till dig senast inom en m\u00e5nad fr\u00e5n det att du kontaktat oss. Hanteringen kan dr\u00f6ja upp till tre m\u00e5nader om \u00e4rendets volym eller komplexitet kr\u00e4ver det. I s\u00e5 fall kommer vi meddela dig om det. Vi kommer alltid att besvara din beg\u00e4ran skriftligen.<\/p><p style=\"font-weight: 400;\">Nedan beskrivs de olika r\u00e4ttigheter du kan ha n\u00e4r vi behandlar personuppgifter om dig.<\/p><p style=\"font-weight: 400;\">Beroende p\u00e5 vilken laglig grund vi st\u00f6djer v\u00e5r behandling p\u00e5 och \u00e4ndam\u00e5let med behandlingen kan det finnas undantag eller begr\u00e4nsningar till din m\u00f6jlighet att ut\u00f6va dina r\u00e4ttigheter.<\/p><p style=\"font-weight: 400;\">Om beg\u00e4ran \u00e4r uppenbart orimlig eller ogrundad, s\u00e4rskilt med tanke p\u00e5 om den sker p\u00e5 ett \u00e5terkommande s\u00e4tt, f\u00e5r vi antingen ta ut en avgift eller v\u00e4gra att tillm\u00f6tesg\u00e5 beg\u00e4ran. Vi ska i s\u00e5 fall kunna visa att beg\u00e4ran \u00e4r uppenbart ogrundad eller orimlig.<\/p><h3>2.1 Information<\/h3><p style=\"font-weight: 400;\">Du har r\u00e4tt att f\u00e5 information om hur vi behandlar dina personuppgifter.<\/p><p style=\"font-weight: 400;\">Mer information om r\u00e4tten till information hittar du p\u00e5 IMY:s <a href=\"https:\/\/www.imy.se\/privatperson\/dataskydd\/dina-rattigheter\/ratt-till-information\/\" target=\"_blank\" rel=\"noopener\">hemsida<\/a>.<\/p><h3>2.2 Tillg\u00e5ng till dina personuppgifter, registerutdrag<\/h3><p style=\"font-weight: 400;\">Du har r\u00e4tt att beg\u00e4ra att f\u00e5 en bekr\u00e4ftelse fr\u00e5n oss om hur vi behandlar personuppgifter som r\u00f6r dig, samt i s\u00e5dant fall beg\u00e4ra tillg\u00e5ng till de personuppgifter som vi behandlar om dig, ett s\u00e5 kallat registerutdrag.<\/p><p style=\"font-weight: 400;\">Mer information om r\u00e4tten till tillg\u00e5ng hittar du p\u00e5 IMY:s <a href=\"https:\/\/www.imy.se\/privatperson\/dataskydd\/dina-rattigheter\/ta-del-av-dina-personuppgifter\/\" target=\"_blank\" rel=\"noopener\">hemsida<\/a>.<\/p><h3>2.3 Beg\u00e4ra att f\u00e5 sina uppgifter raderade<\/h3><p style=\"font-weight: 400;\">Du har r\u00e4tt att beg\u00e4ra att f\u00e5 dina uppgifter raderade. Vid en s\u00e5dan beg\u00e4ran raderar vi uppgifter som inte l\u00e4ngre \u00e4r n\u00f6dv\u00e4ndiga att behandla f\u00f6r syftet uppgifterna samlades in f\u00f6r. Vi raderar \u00e4ven dina uppgifter om du \u00e5terkallar ditt samtycke f\u00f6r en behandling. I vissa fall har vi ingen m\u00f6jlighet att radera dina personuppgifter. Det beror i s\u00e5 fall p\u00e5 att uppgifterna antingen fortfarande \u00e4r n\u00f6dv\u00e4ndiga att behandla f\u00f6r det syfte f\u00f6r vilket de blev insamlade, att v\u00e5rt intresse att forts\u00e4tta behandla uppgifterna v\u00e4ger tyngre \u00e4n ditt intresse att f\u00e5 dem raderade, eller f\u00f6r att vi har krav i lag att beh\u00e5lla dem.<\/p><p style=\"font-weight: 400;\">Mer information om r\u00e4tten till radering hittar du p\u00e5 IMY:s <a href=\"https:\/\/www.imy.se\/privatperson\/dataskydd\/dina-rattigheter\/radering\/\" target=\"_blank\" rel=\"noopener\">hemsida<\/a>.<\/p><h3>2.4 Beg\u00e4ra att behandlingen under vissa omst\u00e4ndigheter begr\u00e4nsas<\/h3><p style=\"font-weight: 400;\">Du har r\u00e4tt att beg\u00e4ra att v\u00e5r behandling av dina personuppgifter under vissa omst\u00e4ndigheter begr\u00e4nsas.<\/p><p style=\"font-weight: 400;\">M\u00f6jligheten till begr\u00e4nsning g\u00e4ller om:<\/p><ol><li style=\"font-weight: 400;\">a) du bestrider personuppgifternas korrekthet;<\/li><li style=\"font-weight: 400;\">b) behandlingen \u00e4r olaglig och du mots\u00e4tter dig att uppgifterna raderas och i st\u00e4llet beg\u00e4r en begr\u00e4nsning av deras anv\u00e4ndning;<\/li><li style=\"font-weight: 400;\">c) vi beh\u00f6ver inte l\u00e4ngre uppgifterna men du beh\u00f6ver uppgifterna f\u00f6r att kunna fastst\u00e4lla, g\u00f6ra g\u00e4llande eller f\u00f6rsvara r\u00e4ttsliga anspr\u00e5k; eller<\/li><li style=\"font-weight: 400;\">d) du har inv\u00e4nt mot behandlingen enligt artikel 21.1 i v\u00e4ntan p\u00e5 kontroll av huruvida v\u00e5ra ber\u00e4ttigade sk\u00e4l v\u00e4ger tyngre \u00e4n dina ber\u00e4ttigade sk\u00e4l.<\/li><\/ol><p style=\"font-weight: 400;\">\u00a0<\/p><p style=\"font-weight: 400;\">Mer information om r\u00e4tten att beg\u00e4ra att behandlingen begr\u00e4nsas hittar du p\u00e5 IMY:s <a href=\"https:\/\/www.imy.se\/privatperson\/dataskydd\/dina-rattigheter\/begransning\/\" target=\"_blank\" rel=\"noopener\">hemsida<\/a>.<\/p><p style=\"font-weight: 400;\">\u00a0<\/p><h3>2.5 Beg\u00e4ra r\u00e4tten till dataportabilitet<\/h3><p style=\"font-weight: 400;\">Du har r\u00e4tt att beg\u00e4ra att f\u00e5 ut de personuppgifter som r\u00f6r dig och som du har tillhandah\u00e5llit oss i ett strukturerat, allm\u00e4nt anv\u00e4nt och maskinl\u00e4sbart format och ha r\u00e4tt att \u00f6verf\u00f6ra dessa uppgifter till en annan personuppgiftsansvarig.<\/p><p style=\"font-weight: 400;\">Mer information om r\u00e4tten till dataportabilitet hittar du p\u00e5 IMY:s <a href=\"https:\/\/www.imy.se\/privatperson\/dataskydd\/dina-rattigheter\/flytta-dina-personuppgifter\/\" target=\"_blank\" rel=\"noopener\">hemsida<\/a>.<\/p><h3>2.6 Beg\u00e4ra r\u00e4ttelse av felaktiga uppgifter<\/h3><p style=\"font-weight: 400;\">Du har r\u00e4tt att beg\u00e4ra att av den personuppgiftsansvarige utan on\u00f6digt dr\u00f6jsm\u00e5l f\u00e5 felaktiga personuppgifter som r\u00f6r dig r\u00e4ttade. Beroende av \u00e4ndam\u00e5let med behandlingen, har du ocks\u00e5 r\u00e4tt att komplettera ofullst\u00e4ndiga personuppgifter.<\/p><p style=\"font-weight: 400;\">Mer information om r\u00e4tten att beg\u00e4ra r\u00e4ttelse hittar du p\u00e5 IMY:s hemsida.<\/p><h3>2.7 R\u00e4tt att inv\u00e4nda mot behandling<\/h3><p style=\"font-weight: 400;\">Du har, av sk\u00e4l som h\u00e4nf\u00f6r sig till din specifika situation, r\u00e4tt att n\u00e4r som helst g\u00f6ra inv\u00e4ndningar mot behandling av personuppgifter avseende dig som grundar sig p\u00e5 artikel 6.1(f) i dataskyddsf\u00f6rordningen, ber\u00e4ttigat intresse. R\u00e4tten till inv\u00e4ndning g\u00e4ller bland annat behandling som inneb\u00e4r profilering.<\/p><p style=\"font-weight: 400;\">Mer information om r\u00e4tten att inv\u00e4nda mot behandling hittar du p\u00e5 IMY:s <a href=\"https:\/\/www.imy.se\/privatperson\/dataskydd\/dina-rattigheter\/att-gora-invandningar\/\" target=\"_blank\" rel=\"noopener\">hemsida<\/a>.<\/p><h3>2.8 R\u00e4tt att inv\u00e4nda mot beslut som enbart grundas p\u00e5 automatiserad behandling<\/h3><p style=\"font-weight: 400;\">Du har r\u00e4tt att inte bli f\u00f6rem\u00e5l f\u00f6r ett beslut som enbart grundas p\u00e5 automatiserad behandling, inklusive profilering, vilket har r\u00e4ttsliga f\u00f6ljder f\u00f6r dig eller p\u00e5 liknande s\u00e4tt i betydande grad p\u00e5verkar dig.<\/p><p style=\"font-weight: 400;\">Mer information om r\u00e4tten att inv\u00e4nda mot beslut som enbart grundas p\u00e5 automatiserad behandling hittar du p\u00e5 IMY:s <a href=\"https:\/\/www.imy.se\/privatperson\/dataskydd\/dina-rattigheter\/automatiserade-beslut\/\" target=\"_blank\" rel=\"noopener\">hemsida<\/a>.<\/p><\/div>\n\t\t\t\t<\/div>\n\t\t\t\t\t\t\t<div class=\"elementor-toggle-item\">\n\t\t\t\t\t<h2 id=\"elementor-tab-title-2373\" class=\"elementor-tab-title\" data-tab=\"3\" role=\"button\" aria-controls=\"elementor-tab-content-2373\" aria-expanded=\"false\">\n\t\t\t\t\t\t\t\t\t\t\t\t<span class=\"elementor-toggle-icon elementor-toggle-icon-right\" aria-hidden=\"true\">\n\t\t\t\t\t\t\t\t\t\t\t\t\t\t\t<span class=\"elementor-toggle-icon-closed\"><i class=\"fas fa-caret-down\"><\/i><\/span>\n\t\t\t\t\t\t\t\t<span class=\"elementor-toggle-icon-opened\"><i class=\"elementor-toggle-icon-opened fas fa-caret-up\"><\/i><\/span>\n\t\t\t\t\t\t\t\t\t\t\t\t\t<\/span>\n\t\t\t\t\t\t\t\t\t\t\t\t<a class=\"elementor-toggle-title\" tabindex=\"0\">3. Vilka personuppgifter samlar vi in, vad de anv\u00e4nds till och med vilken laglig grund?<\/a>\n\t\t\t\t\t<\/h2>\n\n\t\t\t\t\t<div id=\"elementor-tab-content-2373\" class=\"elementor-tab-content elementor-clearfix\" data-tab=\"3\" role=\"region\" aria-labelledby=\"elementor-tab-title-2373\"><p style=\"font-weight: 400;\">I det h\u00e4r avsnittet informerar vi om hur vi behandlar dina personuppgifter. Informationen \u00e4r uppdelad i olika kategorier s\u00e5 att du l\u00e4ttare ska hitta vad som g\u00e4ller dig.<\/p>\n<p style=\"font-weight: 400;\">Vi behandlar de personuppgifter som l\u00e4mnas till oss, till exempel i samband med att ett avtal skrivs eller genom att personer bes\u00f6ker eller registrerar sig p\u00e5 v\u00e5r eller v\u00e5ra verksamhetsgrenars hemsidor och genom v\u00e5r anv\u00e4ndning av cookies, l\u00e4mnar personuppgifter i samband med arrangemang och m\u00e4ssor eller l\u00e4mnar information genom kommunikation p\u00e5 andra s\u00e4tt, exempelvis skriftligt\/e-post, telefonsamtal eller sociala medier. Ut\u00f6ver personliga data som du sj\u00e4lv l\u00e4mnar till oss kan dina uppgifter komma att uppdateras mot folkbokf\u00f6ringsregistret hos Skatteverket. Det kan vara n\u00f6dv\u00e4ndigt f\u00f6r att s\u00e4kerst\u00e4lla att uppgifterna \u00e4r korrekta och f\u00f6r att avtal ska kunna fullg\u00f6ras.<\/p>\n\n<h3>3.1 \u00c4NDAM\u00c5L SOM DINA PERSONUPPGIFTER BEHANDLAS F\u00d6R OAVSETT VILKEN VERKSAMHETSGREN SOM BEHANDLINGEN G\u00c4LLER<\/h3>\n<table style=\"font-weight: 400;\">\n<tbody>\n<tr>\n<td width=\"188\"><strong>\u00c4ndam\u00e5let med behandlingen \u2013 <\/strong>\n\n<strong>vad vi g\u00f6r och varf\u00f6r<\/strong><\/td>\n<td width=\"259\"><strong>Vilka person-uppgifter som behandlas f\u00f6r \u00e4ndam\u00e5let, samt varifr\u00e5n de kommer\u00a0<\/strong><\/td>\n<td width=\"153\"><strong>R\u00e4ttslig grund f\u00f6r personuppgifts-behandlingen enligt GDPR<\/strong><\/td>\n<td width=\"166\"><strong>Om dina person-uppgifter delas och mottagare. Se avsnitt 4 f\u00f6r generella mottagare<\/strong><\/td>\n<td width=\"157\"><strong>N\u00e4r vi raderar dina uppgifter. Se avsnitt 5 f\u00f6r mer information om lagring och gallring<\/strong><\/td>\n<\/tr>\n<tr>\n<td width=\"188\">N\u00e4r vi behandlar privatkunder (fysisk kund\/enskild n\u00e4ringsidkare) eller kontaktperson\/f\u00f6retr\u00e4daref\u00f6r n\u00e5gon av v\u00e5ra kunder som \u00e4r juridiska personers personuppgifter;\n\n\u2022 F\u00f6r att registrera dig eller din arbetsgivare som kund och f\u00f6r att administrera kundrelationen enligt v\u00e5ra avtal inklusive fakturering,\n\n\u2022 F\u00f6r f\u00f6rberedelse f\u00f6r eller administration av de tj\u00e4nster som vi ing\u00e5tt avtal med dig om (till exempel kreditupplysning fr\u00e5n kreditupplysnings-f\u00f6retag, aff\u00e4rsbed\u00f6mning eller inkassohantering)\n\n\u2022 F\u00f6r s\u00e4kerst\u00e4llande av din identitet\n\n\u2022 F\u00f6r att kommunicera med dig via olika kanaler, inklusive att tillhandah\u00e5lla kundservice; om du anm\u00e4ler inflyttning eller skickat in en f\u00f6rfr\u00e5gan eller kundsynpunkt, f\u00f6r att skicka tj\u00e4nstrelaterade meddelanden, bekr\u00e4ftelser och uppdateringar<\/td>\n<td width=\"259\">Fr\u00e5n dig:\n\nNamn, telefon-nummer och\n\ne-post.\n\nF\u00f6r enskilda n\u00e4ringsidkare (fysiska personer) \u00e4ven:\n\nAdress och personnummer.<\/td>\n<td width=\"153\">Om du \u00e4r privatkund (fysisk kund\/enskild n\u00e4ringsidkare)\n\nbaseras behandlingen p\u00e5 v\u00e5rt avtal med dig (Artikel 6(1)(b) GDPR).\n\nOm du \u00e4r kontaktperson \/f\u00f6retr\u00e4dare f\u00f6r v\u00e5r kund baseras behandlingen p\u00e5 v\u00e5rt ber\u00e4ttigade intresse (Artikel 6(1)(f) GDPR) av att leva upp till kundf\u00f6rh\u00e5llandet med din arbetsgivare.<\/td>\n<td width=\"166\">Se avsnitt 4.<\/td>\n<td width=\"157\">Dina personuppgifter sparas s\u00e5 l\u00e4nge kundf\u00f6rh\u00e5llandet med dig som privatkund alternativt med din arbetsgivare kvarst\u00e5r och d\u00e4refter den tid som kr\u00e4vs eller \u00e4r till\u00e5ten enligt vid var tid g\u00e4llande lagstiftning och praxis.<\/td>\n<\/tr>\n<tr>\n<td width=\"188\">N\u00e4r vi behandlar privatleverant\u00f6rer (fysisk person\/enskild n\u00e4ringsidkare) eller kontaktpersoner\/f\u00f6retr\u00e4dare f\u00f6r n\u00e5gon av v\u00e5ra leverant\u00f6rer som \u00e4r juridiska personers personuppgifter;\n\n\u2022 I den m\u00e5n det \u00e4r n\u00f6dv\u00e4ndigt f\u00f6r att kontakta leverant\u00f6ren, administrera leverant\u00f6rsf\u00f6rh\u00e5llandet och f\u00f6r att vi ska kunna uppfylla v\u00e5ra \u00e5taganden gentemot leverant\u00f6ren exempelvis genom avtalsadministration eller fakturering.<\/td>\n<td width=\"259\">Fr\u00e5n dig:\n\nNamn, telefon-nummer och\n\ne-post.\n\nF\u00f6r enskilda n\u00e4ringsidkare (fysiska personer) \u00e4ven:\n\nAdress och personnummer.<\/td>\n<td width=\"153\">Om du \u00e4r enskild n\u00e4ringsidkare (fysisk person) baseras behandlingen p\u00e5 v\u00e5rt avtal med dig (Artikel 6(1)(b) GDPR).\n\nOm du \u00e4r kontaktperson\/\n\nf\u00f6retr\u00e4dare f\u00f6r v\u00e5r leverant\u00f6r grundas behandlingen p\u00e5 v\u00e5rt ber\u00e4ttigade intresse (Artikel 6(1)(f) GDPR) av att leva upp till det avtal eller det leverant\u00f6rsf\u00f6rh\u00e5llande som uppst\u00e5r vid exempelvis en best\u00e4llning som vi g\u00f6r hos leverant\u00f6ren.<\/td>\n<td width=\"166\">Se avsnitt 4.<\/td>\n<td width=\"157\">Dina personuppgifter sparas s\u00e5 l\u00e4nge leverant\u00f6rsf\u00f6rh\u00e5llandet med dig som privatleverant\u00f6r alternativt med din arbetsgivare kvarst\u00e5r och d\u00e4refter den tid som kr\u00e4vs eller \u00e4r till\u00e5ten enligt vid var tid g\u00e4llande lagstiftning och praxis.<\/td>\n<\/tr>\n<tr>\n<td width=\"188\">Som bes\u00f6kare p\u00e5 v\u00e5ra webbplatser (ukf.umea.se och bicfactory.se) kan vi komma att behandla dina personuppgifter. Om och i s\u00e5 fall vilka av dina personuppgifter vi behandlar beror dels p\u00e5 vilka inst\u00e4llningar du har i din webbl\u00e4sare, dels p\u00e5 vilka inst\u00e4llningar du gjort n\u00e4r du landade p\u00e5 webbplatsen.\n\nV\u00e5ra webbplatser anv\u00e4nder sig av cookies som \u00e4r sm\u00e5 textfiler som i vissa fall samlar in din IP-adress. Du kan l\u00e4sa om v\u00e5r anv\u00e4ndning av cookies och vilka cookies vi anv\u00e4nder i v\u00e5r Cookiepolicy som du hittar <a href=\"https:\/\/www.ukf.umea.se\/en\/cookies\/\">h\u00e4r<\/a>.\n\n\u00c4ndam\u00e5let med behandlingen \u00e4r att s\u00e4kerst\u00e4lla funktionaliteten p\u00e5 webbplatsen.\n\nP\u00e5 v\u00e5ra webbplatser anv\u00e4nder vi oss endast av strikt n\u00f6dv\u00e4ndiga cookies.<\/td>\n<td width=\"259\">Din IP-adress.<\/td>\n<td width=\"153\">Vi st\u00f6der oss p\u00e5 den r\u00e4ttsliga grunden v\u00e5rt ber\u00e4ttigade intresse av att f\u00f6rse dig med en fungerande webbplats (Artikel 6(1)(f) GDPR) f\u00f6r anv\u00e4ndandet av cookies.\n\nDu kan l\u00e4sa mer om v\u00e5r anv\u00e4ndning av cookies och vilka cookies vi anv\u00e4nder i v\u00e5r Cookiepolicy som du hittar <a href=\"https:\/\/www.ukf.umea.se\/en\/cookies\/\">h\u00e4r<\/a>.<\/td>\n<td width=\"166\">Se v\u00e5r cookiepolicy som du hittar <a href=\"https:\/\/www.ukf.umea.se\/en\/cookies\/\">h\u00e4r<\/a>.<\/td>\n<td width=\"157\">Se v\u00e5r cookiepolicy som du hittar <a href=\"https:\/\/www.ukf.umea.se\/en\/cookies\/\">h\u00e4r<\/a>.<\/td>\n<\/tr>\n<tr>\n<td width=\"188\">F\u00f6r att bearbeta jobbans\u00f6kningar n\u00e4r du ans\u00f6kt eller skickat in en\n\nintresseanm\u00e4lan i den omfattning som kr\u00e4vs f\u00f6r den aktuella rekryteringsprocessen.<\/td>\n<td width=\"259\">Fr\u00e5n dig.\n\nBehandlingen omfattar det underlag du skickar till oss, uppgifter fr\u00e5n referenspersoner, rekryteringsf\u00f6retag, uppgifter fr\u00e5n andra personer som tipsat oss om dig eller f\u00f6retag som hj\u00e4lper oss med olika former av personlighets- och kompetenstester, anteckningar fr\u00e5n intervjuer samt eventuella arbetsprover och tester.<\/td>\n<td width=\"153\">Vi st\u00f6der oss p\u00e5 den r\u00e4ttsliga grunden ber\u00e4ttigat intresse (Artikel 6(1)(f) GDPR).<\/td>\n<td width=\"166\">Se avsnitt 4.<\/td>\n<td width=\"157\">Dina personuppgifter sparas s\u00e5 l\u00e4nge rekryteringen till en specifik tj\u00e4nst p\u00e5g\u00e5r och ytterligare tv\u00e5 \u00e5r med h\u00e4nvisning till diskrimineringslagen, f\u00f6r att vi ska ha m\u00f6jlighet att visa p\u00e5 vilka grunder anst\u00e4llningsbeslutet togs.\n\nVi godtar inte spontanans\u00f6kningar utan dessa gallras l\u00f6pande n\u00e4r de kommer in.<\/td>\n<\/tr>\n<tr>\n<td width=\"188\">F\u00f6r behandlingar;\n\n\u2022 I ett \u00e4rende med juridisk anknytning eller f\u00f6r distribution av styrelsehandlingar\n\n\u2022 F\u00f6r att svara p\u00e5 dina fr\u00e5gor och hj\u00e4lpa dig p\u00e5 andra s\u00e4tt beroende p\u00e5 din anledning till att du tagit kontakt med oss,\n\n\u2022 F\u00f6r s\u00e4kerst\u00e4llande av din identitet,\n\n\u2022 F\u00f6r att kommunicera med dig via olika kanaler, inklusive att tillhandah\u00e5lla kundservice; eller skickat in en f\u00f6rfr\u00e5gan eller kundsynpunkt, f\u00f6r att skicka tj\u00e4nstrelaterade meddelanden, bekr\u00e4ftelser och uppdateringar, samt\n\n\u2022 F\u00f6r viss statistik (s\u00e5 som statistik till SCB Statistiska Centralbyr\u00e5n (SCB) eller intern statistik)<\/td>\n<td width=\"259\">Fr\u00e5n dig:\n\nNamn, adress, personnummer, telefonnummer,\n\ne-post, fastighetsbeteckning, bilder och eventuella ytterligare uppgifter du ger oss.<\/td>\n<td width=\"153\">F\u00f6r statistik till SCB och i vissa \u00e4renden med juridisk anknytning (exempelvis vid besvarande av f\u00f6rel\u00e4gganden fr\u00e5n myndigheter) \u00e4r den r\u00e4ttsliga grunden att det finns en r\u00e4ttslig f\u00f6rpliktelse (Artikel 6(1)(c) GDPR).\n\nOm grunden f\u00f6r behandlingen \u00e4r ett avtal som har ing\u00e5tts med dig \u00e4r den r\u00e4ttsliga grunden avtalet (Artikel 6(1)(b) GDPR).\n\nI \u00f6vriga fall \u00e4r den r\u00e4ttsliga grunden ber\u00e4ttigat intresse (Artikel 6(1)(f) GDPR).<\/td>\n<td width=\"166\">Se avsnitt 4.<\/td>\n<td width=\"157\">Dina personuppgifter sparas s\u00e5 l\u00e4nge \u00e4ndam\u00e5let f\u00f6r vilket de samlades in kr\u00e4ver det och den tid som kr\u00e4vs eller \u00e4r till\u00e5ten enligt vid var tid g\u00e4llande lagstiftning och praxis. Se vidare i avsnitt 5.<\/td>\n<\/tr>\n<\/tbody>\n<\/table>\n<h3>3.2 \u00c4NDAM\u00c5L SOM DINA PERSONUPPGIFTER BEHANDLAS F\u00d6R INOM RAMEN F\u00d6R BIC FACTORYS VERKSAMHET<\/h3>\n<p style=\"font-weight: 400;\">BIC Factory \u00e4r en f\u00f6retagsinkubator och verksamhetsgren av Ume\u00e5 Kommunf\u00f6retag. Verksamheten best\u00e5r i att genom olika st\u00f6dprojekt finansierade av bland andra Tillv\u00e4xtverket och EU st\u00f6tta lokala yngre entrepren\u00f6rer i uppstart och vidareutveckling av egna f\u00f6retag. H\u00e4r f\u00f6ljer information om hur vi behandlar dina personuppgifter inom ramen f\u00f6r BIC Factory.<\/p>\n\n<table style=\"font-weight: 400;\">\n<tbody>\n<tr>\n<td width=\"189\"><strong>\u00c4ndam\u00e5let med behandlingen \u2013 vad vi g\u00f6r och varf\u00f6r<\/strong><\/td>\n<td width=\"255\"><strong>Vilka personuppgifter som behandlas f\u00f6r \u00e4ndam\u00e5let, samt varifr\u00e5n de kommer\u00a0<\/strong><\/td>\n<td width=\"151\"><strong>R\u00e4ttslig grund f\u00f6r behandlingen enligt GDPR<\/strong><\/td>\n<td width=\"166\"><strong>Om dina person-uppgifter delas och mottagare. Se avsnitt 4 f\u00f6r generella mottagare<\/strong><\/td>\n<td width=\"162\"><strong>N\u00e4r vi raderar dina uppgifter. <\/strong><strong>\u00a0<\/strong><strong>Se avsnitt 5 f\u00f6r mer information om lagring och gallring<\/strong><\/td>\n<\/tr>\n<tr>\n<td width=\"189\">I samband med att du som s\u00f6kande g\u00f6r en ans\u00f6kan till v\u00e5r inkubator-verksamhet;\n\n\u2022 F\u00f6r att vi ska kunna registrera dig som s\u00f6kande i v\u00e5ra system och planera v\u00e5rt arbete,\n\n\u2022 F\u00f6r att vi ska kunna utv\u00e4rdera din ans\u00f6kan och kontakta dig med anledning av ans\u00f6kan samt f\u00f6r uppf\u00f6ljning av densamma,\n\n\u2022 F\u00f6r att vi ska kunna skriva avtal och kommunicera b\u00e5de under och efter BIC-tiden, samt\n\n\u2022 Av analys- och statisk\u00e4ndam\u00e5l.<\/td>\n<td width=\"255\"><strong>\u00a0<\/strong>\n\nFr\u00e5n dig:\n\nF\u00f6ljande kontakt- och identifikationsuppgifter:\n\nNamn, personnummer, adress, telefon-nummer, \u00e5lder, mejladress, bilder och eventuella personuppgifter som du v\u00e4ljer att l\u00e4mna i ans\u00f6kan, samt CV och personligt brev.<\/td>\n<td width=\"151\"><strong>\u00a0<\/strong>\n\nBehandlingen \u00e4r baserad p\u00e5 r\u00e4ttslig f\u00f6rpliktelse (Artikel 6(1)(c) GDPR) och allm\u00e4nt intresse (Artikel 6(1)(e) GDPR).<\/td>\n<td width=\"166\"><strong>\u00a0<\/strong>\n\nSe avsnitt 4.<\/td>\n<td width=\"162\">Om du inte antas till inkubatorverksamheten raderas dina uppgifter efter att vi f\u00f6ljt upp din ans\u00f6kan och samtliga villkor i aktuellt st\u00f6dprojekt \u00e4r uppfyllda.\n\nOm du antas, raderas dina uppgifter n\u00e4r v\u00e5rt avtal upph\u00f6rt och vi f\u00f6ljt upp din tid i inkubator-verksamheten enligt villkoren f\u00f6r aktuellt st\u00f6dprojekt.\n\nMer information om v\u00e5ra skyldigheter och r\u00e4ttigheter att spara information enligt lag hittar du i avsnitt 5.<\/td>\n<\/tr>\n<tr>\n<td width=\"189\">I egenskap av konsult eller f\u00f6retr\u00e4dare f\u00f6r samarbetspartner f\u00f6r att administrera v\u00e5rt f\u00f6rh\u00e5llande enligt upphandlat konsultavtal eller tecknat samarbetsavtal.<\/td>\n<td width=\"255\">Fr\u00e5n dig:\n\nF\u00f6ljande kontakt- och identifikationsuppgifter:\n\nNamn, adress, telefonnummer, mejladress och eventuella personuppgifter som du v\u00e4ljer att l\u00e4mna i offert,\n\nF\u00f6r konsulter \u00e4ven:\n\nCV och personligt brev.<\/td>\n<td width=\"151\">Behandlingen \u00e4r baserad p\u00e5 avtal (Artikel 6(1)(b) GDPR) om du driver enskild n\u00e4ringsverksamhet och ing\u00e5r konsult- eller samarbetsavtal med oss.\n\nOm du \u00e4r f\u00f6retr\u00e4dare f\u00f6r v\u00e5r samarbetspartner som \u00e4r en juridisk person baseras behandlingen p\u00e5 v\u00e5rt ber\u00e4ttigade intresse (Artikel 6(1)(f) GDPR) av att leva upp till den relation som uppst\u00e5r n\u00e4r vi tecknar samarbetsavtal med din arbetsgivare.<\/td>\n<td width=\"166\">Se avsnitt 4.<\/td>\n<td width=\"162\">Dina personuppgifter sparas s\u00e5 l\u00e4nge konsult-eller samarbetspartners-f\u00f6rh\u00e5llandet kvarst\u00e5r och d\u00e4refter den tid som kr\u00e4vs eller \u00e4r till\u00e5ten enligt vid var tid g\u00e4llande lagstiftning och praxis.\n\nOm dina personuppgifter finns som referens i fakturaunderlag kommer de att bevaras i sju \u00e5r enligt bokf\u00f6ringslagen.\n\nOm du slutar din anst\u00e4llning hos v\u00e5r samarbetspartnerkommer vi att radera dina personuppgifter n\u00e4r vi f\u00e5r information om det fr\u00e5n dig eller din arbetsgivare.<\/td>\n<\/tr>\n<tr>\n<td width=\"189\">N\u00e4r du anm\u00e4ler dig till olika event eller arrangemang som vi anordnar f\u00f6r att vi ska kunna kommunicera med dig inf\u00f6r och efter eventet samt f\u00f6r att utg\u00f6ra underlag till finansi\u00e4rer.<\/td>\n<td width=\"255\">Fr\u00e5n dig:\n\nF\u00f6ljande kontakt- och identifikationsuppgifter:\n\nNamn, mejladress, samt eventuellt telefonnummer.\n\nI vissa fall \u00e4ven uppgifter som kan klassas som s\u00e4rskilda kategorier av personuppgifter s\u00e5som kostpreferenser.<\/td>\n<td width=\"151\">Behandlingen \u00e4r baserad p\u00e5 v\u00e5rt ber\u00e4ttigade intresse (Artikel 6(1)(f) GDPR) av att administrera eventet.\n\nOm vi behandlaruppgifter som kan anses utg\u00f6ra s\u00e4rskilda kategorier av personuppgifter s\u00e5som kostpreferenser baserar vi \u00e4ven behandlingen p\u00e5 att den \u00e4r n\u00f6dv\u00e4ndig av h\u00e4nsyn till ett viktigt allm\u00e4nt intresse (Artikel 9(2)(g) GDPR).<\/td>\n<td width=\"166\">Se avsnitt 4.<\/td>\n<td width=\"162\">Uppgifter om kostpreferenser raderas direkt efter eventet.\n\n\u00d6vriga personuppgifter raderas efter att eventet genomf\u00f6rts och f\u00f6ljts upp.<\/td>\n<\/tr>\n<tr>\n<td width=\"189\">\u00c4ndam\u00e5let med v\u00e5ra kanaler i sociala medier s\u00e5som Facebook och Instagram \u00e4r att sprida information om v\u00e5r verksamhet.\n\nOm du interagerar med n\u00e5gon av v\u00e5ra sociala mediekanaler godk\u00e4nner du ocks\u00e5 att motta v\u00e5ra inl\u00e4gg i ditt eget fl\u00f6de. Du kan n\u00e4r som helst sluta gilla sidan eller d\u00f6lja enskilda eller alla inl\u00e4gg vi g\u00f6r.<\/td>\n<td width=\"255\">Dina personuppgifter som du l\u00e4mnar i form av interaktioner eller kommentarer\u00a0\u00a0\u00a0\u00a0 d\u00e4r det framg\u00e5r att du som individ \u00e4r avs\u00e4ndare i de olika sociala mediekanalerna.<\/td>\n<td width=\"151\">Vi st\u00f6der oss p\u00e5 den r\u00e4ttsliga grunden ber\u00e4ttigat intresse (Artikel 6(1)(f) GDPR) f\u00f6r anv\u00e4ndandet av sociala medier f\u00f6r att sprida information om v\u00e5r verksamhet och f\u00f6r att kunna svara p\u00e5 dina fr\u00e5gor.<\/td>\n<td width=\"166\">N\u00e4r du interagerar med eller kontaktar oss via sociala medier till exempel Facebook eller Instagram \u00f6verf\u00f6rs information och personuppgifter alltid till tredje part (det vill s\u00e4ga f\u00f6retaget\/organisationen som driver det sociala mediet du anv\u00e4nder). Se vidare under avsnitt 4.\n\nAnv\u00e4ndandet av sociala mediekanaler inneb\u00e4r att dina personuppgifter kan \u00f6verf\u00f6ras till tredje part som befinner sig i ett tredje land (USA). Se vidare under avsnitt 6.<\/td>\n<td width=\"162\">Dina person-uppgifter som du l\u00e4mnar i form av interaktioner eller kommentarer d\u00e4r det framg\u00e5r att du som individ \u00e4r avs\u00e4ndare kommer att bevaras tills vidare eller tills det att du sj\u00e4lv tar bort interaktionen eller kommentaren. O\u00f6nskade, ol\u00e4mpliga eller kr\u00e4nkande kommentarer kommer vi i f\u00f6rekommande fall att ta bort l\u00f6pande.<\/td>\n<\/tr>\n<\/tbody>\n<\/table>\n<p style=\"font-weight: 400;\"><b>\u00a0<\/b><\/p>\n\n<h3><b>3.3<\/b> \u00c4NDAM\u00c5L SOM DINA PERSONUPPGIFTER BEHANDLAS F\u00d6R INOM RAMEN F\u00d6R KOLLEKTIVTRAFIKENS VERKSAMHET<\/h3>\n<p style=\"font-weight: 400;\">P\u00e5 uppdrag av Ume\u00e5 kommun och enligt kommunens regelverk beslutar och planerar v\u00e5r verksamhetsgren Kollektivtrafiken i vissa fall f\u00f6r vilka som har r\u00e4tt till skolskjuts till grundskolan eller den anpassade grund- och gymnasieskolan.<\/p>\n\n<table style=\"font-weight: 400;\">\n<tbody>\n<tr>\n<td width=\"189\"><strong>\u00c4ndam\u00e5len med behandlingen \u2013 vad vi g\u00f6r och varf\u00f6r<\/strong><\/td>\n<td width=\"255\"><strong>Vilka person-uppgifter som behandlas f\u00f6r \u00e4ndam\u00e5let, samt varifr\u00e5n de kommer\u00a0<\/strong><\/td>\n<td width=\"151\"><strong>R\u00e4ttslig grund f\u00f6r behandlingen enligt GDPR<\/strong><\/td>\n<td width=\"170\"><strong>Om dina person-uppgifter delas och mottagare. Se avsnitt 4 f\u00f6r generella mottagare<\/strong><\/td>\n<td width=\"158\"><strong>N\u00e4r vi raderar dina uppgifter. <\/strong><strong>\u00a0<\/strong><strong>Se avsnitt 5 f\u00f6r mer information om lagring och gallring<\/strong><\/td>\n<\/tr>\n<tr>\n<td width=\"189\">F\u00f6r att vi ska kunna verkst\u00e4lla beslut och planera skolskjuts f\u00f6r ditt barn (du som har barn i grundskolan) beh\u00f6ver vi behandla personuppgifter om dig och barnet.<\/td>\n<td width=\"255\"><strong>\u00a0<\/strong>\n\nFr\u00e5n dig (barnets v\u00e5rdnadshavare):\n\n<strong>\u00a0<\/strong>\n\nV\u00e5rdnadshavares namn, personnummer, telefonnummer, mejladress och adress.\n\nBarnets namn, adress samt \u00e5rskurs.\n\n<strong>\u00a0<\/strong><\/td>\n<td width=\"151\"><strong>\u00a0<\/strong>\n\nBehandlingen \u00e4r baserad p\u00e5 r\u00e4ttslig f\u00f6rpliktelse (Artikel 6 (1)(c) GDPR enligt skollagen.<\/td>\n<td width=\"170\"><strong>\u00a0<\/strong>\n\nBarnets personuppgifter delas med taxibolaget<\/td>\n<td width=\"158\">Gallras i september &#8211; oktober efterf\u00f6ljande l\u00e4s\u00e5r.<\/td>\n<\/tr>\n<tr>\n<td width=\"189\">F\u00f6r att vi ska kunna verkst\u00e4lla beslut och planera skolskjuts f\u00f6r ditt barn (du som har barn i anpassad grundskola och anpassad gymnasieskola) och tillse barnets individuella behov i syfte att s\u00e4kerst\u00e4lla en h\u00f6g kvalit\u00e9 f\u00f6r transportenbeh\u00f6ver vi behandla personuppgifter om dig och barnet.\n\n<strong>\u00a0<\/strong><\/td>\n<td width=\"255\"><strong>\u00a0<\/strong>\n\nFr\u00e5n dig (barnets v\u00e5rdnadshavare):\n\nV\u00e5rdnadshavares namn, personnummer, telefonnummer, mejladress och adress.\n\nBarnets namn, adress, skoltillh\u00f6righet, uppgift om fritids, korttids, tider samt s\u00e4rskilda kategorier av uppgifter om dess h\u00e4lsotillst\u00e5nd och s\u00e4kerhet. Informationen kan \u00e4ven inneh\u00e5lla uppgifter om behov av bilkudde, vilken plats i bilen som fungerar, om barnet kan g\u00e5 in i bostaden ensam etc.<\/td>\n<td width=\"151\"><strong>\u00a0<\/strong>\n\nBehandlingen \u00e4r baserad p\u00e5 r\u00e4ttslig f\u00f6rpliktelse (Artikel 6 (1)(c) GDPR) enligt skollagen.\n\n<strong>\u00a0<\/strong>\n\nV\u00e5r behandling av s\u00e4rskilda kategorier av personuppgifter s\u00e5som h\u00e4lsouppgifter baseras \u00e4ven p\u00e5 att den \u00e4r n\u00f6dv\u00e4ndig av h\u00e4nsyn till ett viktigt allm\u00e4nt intresse (Artikel 9(2)(g) GDPR) enligt skollagen.<\/td>\n<td width=\"170\"><strong>\u00a0<\/strong>\n\nBarnets personuppgifter (inklusive de s\u00e4rskilda kategorierna av personuppgifter) delas med taxibolaget eftersom chauff\u00f6rerna beh\u00f6ver informationen f\u00f6r att kunna tillsebarnets individuella behov vid transporten.<\/td>\n<td width=\"158\">Gallras i september &#8211; oktober efterf\u00f6ljande l\u00e4s\u00e5r.<\/td>\n<\/tr>\n<tr>\n<td width=\"189\">F\u00f6r att kunna bem\u00f6ta klagom\u00e5l och besvara fr\u00e5gor fr\u00e5n dig som m\u00e5lsman.\n\n<strong>\u00a0<\/strong><\/td>\n<td width=\"255\">Fr\u00e5n dig genom Ume\u00e5 kommun:\n\nNamn och mejladress och eventuella personuppgifter som du v\u00e4ljer att ange i mejl.<\/td>\n<td width=\"151\">Behandlingen \u00e4r baserad p\u00e5 r\u00e4ttslig f\u00f6rpliktelse (Artikel 6 (1)(c) GDPR.<\/td>\n<td width=\"170\">Se avsnitt 4.<\/td>\n<td width=\"158\">Efter att vi bem\u00f6tt ditt klagom\u00e5l eller besvarat din fr\u00e5ga. Se vidare avsnitt 5.<\/td>\n<\/tr>\n<\/tbody>\n<\/table>\n<p style=\"font-weight: 400;\"><em>\u00a0<\/em><\/p>\n<p style=\"font-weight: 400;\"><\/p><\/div>\n\t\t\t\t<\/div>\n\t\t\t\t\t\t\t<div class=\"elementor-toggle-item\">\n\t\t\t\t\t<h2 id=\"elementor-tab-title-2374\" class=\"elementor-tab-title\" data-tab=\"4\" role=\"button\" aria-controls=\"elementor-tab-content-2374\" aria-expanded=\"false\">\n\t\t\t\t\t\t\t\t\t\t\t\t<span class=\"elementor-toggle-icon elementor-toggle-icon-right\" aria-hidden=\"true\">\n\t\t\t\t\t\t\t\t\t\t\t\t\t\t\t<span class=\"elementor-toggle-icon-closed\"><i class=\"fas fa-caret-down\"><\/i><\/span>\n\t\t\t\t\t\t\t\t<span class=\"elementor-toggle-icon-opened\"><i class=\"elementor-toggle-icon-opened fas fa-caret-up\"><\/i><\/span>\n\t\t\t\t\t\t\t\t\t\t\t\t\t<\/span>\n\t\t\t\t\t\t\t\t\t\t\t\t<a class=\"elementor-toggle-title\" tabindex=\"0\">4. Mottagare av personuppgifter<\/a>\n\t\t\t\t\t<\/h2>\n\n\t\t\t\t\t<div id=\"elementor-tab-content-2374\" class=\"elementor-tab-content elementor-clearfix\" data-tab=\"4\" role=\"region\" aria-labelledby=\"elementor-tab-title-2374\"><p style=\"font-weight: 400;\">Personuppgifter vi behandlar om dig kan komma att l\u00e4mnas ut till myndigheter i enlighet med vad som f\u00f6reskrivs i lag, till eventuella samarbetspartners som levererar st\u00f6dtj\u00e4nster till oss. Detta kan vara n\u00f6dv\u00e4ndigt i samband med att en tj\u00e4nst levereras fr\u00e5n oss. Ytterligare exempel p\u00e5 mottagare \u00e4r tj\u00e4nsteleverant\u00f6rer som hj\u00e4lper oss med t ex IT-tj\u00e4nster (f\u00f6retag som hanterar n\u00f6dv\u00e4ndig drift, teknisk support och underh\u00e5ll av v\u00e5ra IT-l\u00f6sningar). Dessutom kan uppgifter vi behandlar om dig komma att l\u00e4mnas ut p\u00e5 det s\u00e4tt och i den omfattning som kr\u00e4vs f\u00f6r att vi ska kunna fullf\u00f6lja v\u00e5ra \u00e5taganden gentemot dig som registrerad. Dina personuppgifter kan \u00e4ven komma att delas mellan Ume\u00e5 Kommunf\u00f6retags olika verksamhetsgrenar\/v\u00e5ra koncernbolag och vice versa.<\/p><p style=\"font-weight: 400;\">\u00a0<\/p><p style=\"font-weight: 400;\"><em>Personuppgiftsbitr\u00e4den<\/em><\/p><p style=\"font-weight: 400;\">Om s\u00e5dant \u00f6verl\u00e4mnande av uppgifter sker till n\u00e5gon som behandlar dina personuppgifter p\u00e5 Ume\u00e5 Kommunf\u00f6retags v\u00e4gnar (s k personuppgiftsbitr\u00e4de) l\u00e4mnar vi instruktioner om hur den mottagande parten ska behandla personuppgifterna och om sekretess. Om dina personuppgifter delas med ett f\u00f6retag som \u00e4r sj\u00e4lvst\u00e4ndigt personuppgiftsansvarig g\u00e4ller det mottagande f\u00f6retagets integritetspolicy.<\/p><p style=\"font-weight: 400;\">\u00a0<\/p><p style=\"font-weight: 400;\"><em>Offentlighetsprincipen<\/em><\/p><p style=\"font-weight: 400;\">Ume\u00e5 Kommunf\u00f6retag omfattas av offentlighetsprincipen och uppgifter i allm\u00e4nna offentliga handlingar kan komma att l\u00e4mnas ut till den som beg\u00e4r det, om inte uppgiften omfattas av sekretess. Dina personuppgifter kommer inte att anv\u00e4ndas f\u00f6r direktmarknadsf\u00f6rings\u00e4ndam\u00e5l, s k profilering).<\/p><p style=\"font-weight: 400;\">\u00a0<\/p><p style=\"font-weight: 400;\"><em>If you have a protected identity or want to remain anonymous<\/em><\/p><p style=\"font-weight: 400;\">Om du vill utf\u00f6ra en tj\u00e4nst som kr\u00e4ver inloggning eller identifiering kan du inte ha skyddad identitet eller vara anonym. I och med att du identifierar dig vet systemet att det \u00e4r du. Har du skyddad identitet \u00e4r det b\u00e4ttre att du v\u00e4nder dig personligen till oss. Vi har s\u00e4rskilda s\u00e4kerhetsrutiner f\u00f6r hantering av skyddade personuppgifter och d\u00e4rf\u00f6r \u00e4r det \u00e4r viktigt att du alltid uppger att du har skyddad identitet n\u00e4r du kontaktar oss s\u00e5 att vi kan tillse att rutinerna f\u00f6ljs. Vill du l\u00e4mna en synpunkt eller kontakta oss anonymt kan du inte l\u00e4mna med n\u00e5gra personliga uppgifter (i till exempel ett e-postmeddelande) eftersom dessa uppgifter registreras och blir det vi kallar offentlig handling.<\/p><p style=\"font-weight: 400;\">\u00a0<\/p><p style=\"font-weight: 400;\"><em>Sociala medier<\/em><\/p><p style=\"font-weight: 400;\">N\u00e4r du interagerar med eller kontaktar oss eller v\u00e5ra verksamhetsgrenar eller koncernbolag via sociala medier till exempel Facebook, \u00f6verf\u00f6rs information och personuppgifter alltid till tredje part (det vill s\u00e4ga f\u00f6retaget\/organisationen som driver det sociala mediet du anv\u00e4nder).<\/p><p style=\"font-weight: 400;\">Vi kan tyv\u00e4rr inte reglera detta men besvarar g\u00e4rna dina fr\u00e5gor i sociala medier. Om du inte vill att tredje part ska samla in informationen du skickar till oss rekommenderar vi att du i st\u00e4llet kontaktar oss via telefon 090-16 10 00.<\/p><\/div>\n\t\t\t\t<\/div>\n\t\t\t\t\t\t\t<div class=\"elementor-toggle-item\">\n\t\t\t\t\t<h2 id=\"elementor-tab-title-2375\" class=\"elementor-tab-title\" data-tab=\"5\" role=\"button\" aria-controls=\"elementor-tab-content-2375\" aria-expanded=\"false\">\n\t\t\t\t\t\t\t\t\t\t\t\t<span class=\"elementor-toggle-icon elementor-toggle-icon-right\" aria-hidden=\"true\">\n\t\t\t\t\t\t\t\t\t\t\t\t\t\t\t<span class=\"elementor-toggle-icon-closed\"><i class=\"fas fa-caret-down\"><\/i><\/span>\n\t\t\t\t\t\t\t\t<span class=\"elementor-toggle-icon-opened\"><i class=\"elementor-toggle-icon-opened fas fa-caret-up\"><\/i><\/span>\n\t\t\t\t\t\t\t\t\t\t\t\t\t<\/span>\n\t\t\t\t\t\t\t\t\t\t\t\t<a class=\"elementor-toggle-title\" tabindex=\"0\">5. Lagring och gallring<\/a>\n\t\t\t\t\t<\/h2>\n\n\t\t\t\t\t<div id=\"elementor-tab-content-2375\" class=\"elementor-tab-content elementor-clearfix\" data-tab=\"5\" role=\"region\" aria-labelledby=\"elementor-tab-title-2375\"><p style=\"font-weight: 400;\">Dina personuppgifter sparas s\u00e5 l\u00e4nge leverant\u00f6rsf\u00f6rh\u00e5llandet kvarst\u00e5r och d\u00e4refter den tid som kr\u00e4vs eller \u00e4r till\u00e5ten enligt vid var tid g\u00e4llande lagstiftning och praxis. Om dina personuppgifter finns som referens i fakturaunderlag kommer de att bevaras i sju \u00e5r enligt bokf\u00f6ringslagen. Avtal, korrespondens och dokument avseende en leverans fr\u00e5n din arbetsgivare d\u00e4r personuppgifter framg\u00e5r sparas under den tid som r\u00e4ttigheter och f\u00f6rpliktelser (ink. eventuellt ansvar och fordringar) kvarst\u00e5r enligt avtalet vi ing\u00e5tt med din arbetsgivare, enligt lag och g\u00e4llande praxis. Om du avslutar din anst\u00e4llning hos v\u00e5r leverant\u00f6r kommer vi att radera dina personuppgifter n\u00e4r vi f\u00e5r information om det fr\u00e5n dig eller din arbetsgivare.<\/p><p style=\"font-weight: 400;\">We hold your information for as long as necessary to fulfill our contractual obligations to you and in accordance with statutory storage periods for each purpose. These obligations come, for example, from publicity and secrecy legislation, accounting and tax legislation, banking and money laundering legislation and the Archives Act. It may also be that the processing is necessary for us to be able to establish, assert or defend legal claims.<\/p><p style=\"font-weight: 400;\">This means, among other things, that we will delete or anonymise your information (so that it can not be linked to you personally or used for other purposes) and other information in our databases when transactions in the agreement are finally settled. This provided that the information is no longer necessary for the purpose for which it was collected or that it is deemed to have a conservation value based on the Archives Act. Information that is necessary to be able to fulfill agreements or other legal grounds may, for example, be collected measured values, information about agreements, invoiced products and services which therefore cannot always be limited or deleted.<\/p><p style=\"font-weight: 400;\"><em>How we handle your social security number<\/em><\/p><p style=\"font-weight: 400;\">We will only process your social security number when it is clearly justified with regard to the purpose, necessary for secure identification or if there is some other notable reason. We always minimize the use of your social security number as much as possible.<\/p><p style=\"font-weight: 400;\">F\u00f6r att skydda din integritet och dina personuppgifter kan vi komma att kr\u00e4va att du identifierar dig i anslutning till v\u00e5r assistans.<\/p><p style=\"font-weight: 400;\"><em>Security<\/em><\/p><p style=\"font-weight: 400;\">Ume\u00e5 Kommunf\u00f6retag uses IT systems to protect the confidentiality, integrity and access to personal data. We take special physical, technical and organizational security measures to protect your personal data against unlawful or unauthorized processing (such as unauthorized use, loss, destruction or damage). Only those persons who actually need to process your personal data in order for us to fulfill our stated purposes have access to them. We continuously adapt our security measures to the continuous technical development in relation to reasonableness and the amount and sensitivity of personal data.<\/p><\/div>\n\t\t\t\t<\/div>\n\t\t\t\t\t\t\t<div class=\"elementor-toggle-item\">\n\t\t\t\t\t<h2 id=\"elementor-tab-title-2376\" class=\"elementor-tab-title\" data-tab=\"6\" role=\"button\" aria-controls=\"elementor-tab-content-2376\" aria-expanded=\"false\">\n\t\t\t\t\t\t\t\t\t\t\t\t<span class=\"elementor-toggle-icon elementor-toggle-icon-right\" aria-hidden=\"true\">\n\t\t\t\t\t\t\t\t\t\t\t\t\t\t\t<span class=\"elementor-toggle-icon-closed\"><i class=\"fas fa-caret-down\"><\/i><\/span>\n\t\t\t\t\t\t\t\t<span class=\"elementor-toggle-icon-opened\"><i class=\"elementor-toggle-icon-opened fas fa-caret-up\"><\/i><\/span>\n\t\t\t\t\t\t\t\t\t\t\t\t\t<\/span>\n\t\t\t\t\t\t\t\t\t\t\t\t<a class=\"elementor-toggle-title\" tabindex=\"0\">6. \u00d6verf\u00f6ring av personuppgifter utanf\u00f6r EU\/EES <\/a>\n\t\t\t\t\t<\/h2>\n\n\t\t\t\t\t<div id=\"elementor-tab-content-2376\" class=\"elementor-tab-content elementor-clearfix\" data-tab=\"6\" role=\"region\" aria-labelledby=\"elementor-tab-title-2376\"><p style=\"font-weight: 400;\">Du har m\u00f6jlighet att sj\u00e4lv begr\u00e4nsa anv\u00e4ndningen av cookies och du kan hitta mer information om detta i v\u00e5r cookiepolicy som du hittar <a href=\"https:\/\/www.ukf.umea.se\/en\/cookies\/\">h\u00e4r<\/a>.<\/p><p style=\"font-weight: 400;\">Vi och v\u00e5ra personuppgiftsbitr\u00e4den lagrar personuppgifter p\u00e5 servrar som ligger inom EU\/EES. \u00c4ven om personuppgifterna lagras inom EU\/EES kan personuppgifterna, i vissa fall \u00f6verf\u00f6ras till tredje land n\u00e4r t.ex. en IT-leverant\u00f6r som vi ing\u00e5tt avtal med beh\u00f6ver behandla uppgifterna utanf\u00f6r EU\/EES f\u00f6r att kunna tillhandah\u00e5lla sin tj\u00e4nst (t.ex. genom ett koncernbolag i USA).<\/p><p style=\"font-weight: 400;\">\u00d6verf\u00f6rs personuppgifter till tredje land (ink. USA) s\u00e5 vidtar vi alltid l\u00e4mpliga skydds\u00e5tg\u00e4rder f\u00f6r att p\u00e5 b\u00e4sta s\u00e4tt skydda dina personuppgifter. S\u00e5dana l\u00e4mpliga skydds\u00e5tg\u00e4rder kan bland annat vara:<\/p><ul><li>att vi s\u00e4kerst\u00e4ller att EU-kommissionen har beslutat att landet som personuppgifterna \u00f6verf\u00f6rs till uppn\u00e5r en \u201cadekvat\u201d skyddsniv\u00e5 som motsvarar den skyddsniv\u00e5 som dataskyddsf\u00f6rordningen s\u00e4kerst\u00e4ller.<\/li><li>att vi ing\u00e5r EU-kommissionens standardklausuler med mottagaren av personuppgifterna i tredje land. N\u00e4r personuppgifter \u00f6verf\u00f6rs till tredje land med st\u00f6d av EU-kommissionens standardavtalsklausuler bed\u00f6mer vi om det finns lagstiftning i mottagarlandet som p\u00e5verkar skyddet f\u00f6r dina personuppgifter. Om det kr\u00e4vs vidtar vi s\u00e4rskilda tekniska och organisatoriska \u00e5tg\u00e4rder s\u00e5 att skyddet f\u00f6r dina uppgifter kvarst\u00e5r vid \u00f6verf\u00f6ringen av dessa till aktuellt land utanf\u00f6r EU\/EES. Med anledning av amerikansk s\u00e4kerhetslagstiftning finns dock en viss risk att amerikanska myndigheter, i syfte att bek\u00e4mpa brottslighet eller f\u00f6rsvara nationell s\u00e4kerhet, kan bereda sig tillg\u00e5ng till personuppgifter som \u00f6verf\u00f6rs till USA trots att vi vidtar tekniska och organisatoriska s\u00e4kerhets\u00e5tg\u00e4rder.<\/li><\/ul><p style=\"font-weight: 400;\">\u00a0<\/p><p style=\"font-weight: 400;\">Du kan kontakta oss och beg\u00e4ra att f\u00e5 en kopia p\u00e5 skydds\u00e5tg\u00e4rderna. Du hittar v\u00e5ra kontaktuppgifter under kapitel 1.3 i denna policy.<\/p><\/div>\n\t\t\t\t<\/div>\n\t\t\t\t\t\t\t<div class=\"elementor-toggle-item\">\n\t\t\t\t\t<h2 id=\"elementor-tab-title-2377\" class=\"elementor-tab-title\" data-tab=\"7\" role=\"button\" aria-controls=\"elementor-tab-content-2377\" aria-expanded=\"false\">\n\t\t\t\t\t\t\t\t\t\t\t\t<span class=\"elementor-toggle-icon elementor-toggle-icon-right\" aria-hidden=\"true\">\n\t\t\t\t\t\t\t\t\t\t\t\t\t\t\t<span class=\"elementor-toggle-icon-closed\"><i class=\"fas fa-caret-down\"><\/i><\/span>\n\t\t\t\t\t\t\t\t<span class=\"elementor-toggle-icon-opened\"><i class=\"elementor-toggle-icon-opened fas fa-caret-up\"><\/i><\/span>\n\t\t\t\t\t\t\t\t\t\t\t\t\t<\/span>\n\t\t\t\t\t\t\t\t\t\t\t\t<a class=\"elementor-toggle-title\" tabindex=\"0\">7. \u00c4ndringar i denna integritetspolicy<\/a>\n\t\t\t\t\t<\/h2>\n\n\t\t\t\t\t<div id=\"elementor-tab-content-2377\" class=\"elementor-tab-content elementor-clearfix\" data-tab=\"7\" role=\"region\" aria-labelledby=\"elementor-tab-title-2377\"><p style=\"font-weight: 400;\">Vi f\u00f6rbeh\u00e5ller oss r\u00e4tten att g\u00f6ra \u00e4ndringar i denna integritetspolicy i den utstr\u00e4ckning vi anser dem n\u00f6dv\u00e4ndiga utifr\u00e5n att vi \u00e4ndrar v\u00e5ra personuppgiftsbehandlingar samt f\u00f6r att uppfylla nya lagkrav, tolkningar av lagkrav, tekniska krav eller f\u00f6r att \u00e5tg\u00e4rda problem eller st\u00f6rningar. Har personuppgiftsbehandlingen reglerats i avtal med kund g\u00e4ller dock avtalsbest\u00e4mmelserna tills de \u00e4ndrats, om det inte \u00e4r of\u00f6renligt med lag eller annan r\u00e4ttsligt bindande best\u00e4mmelse. Sker st\u00f6rre f\u00f6r\u00e4ndringar av v\u00e5r hantering av personuppgifter kommer du att bli meddelad personligen. Den senaste versionen av integritetspolicyn finns alltid tillg\u00e4nglig p\u00e5 v\u00e5r webbplats.<\/p><\/div>\n\t\t\t\t<\/div>\n\t\t\t\t\t\t\t\t<\/div>\n\t\t\t\t\t\t<\/div>\n\t\t\t\t<\/div>\n\t\t\t\t\t<\/div>\n\t\t<\/div>\n\t\t\t\t\t<\/div>\n\t\t<\/section>\n\t\t\t\t<\/div>","protected":false},"excerpt":{"rendered":"<p>1. Personuppgiftsansvarig &amp; kontaktuppgifter 1.1 Introduktion Ume\u00e5 Kommunf\u00f6retag AB v\u00e4rnar om din personliga integritet och dina personuppgifter. Vi efterstr\u00e4var en h\u00f6g niv\u00e5 av dataskydd och f\u00f6ljer de g\u00e4llande lagar, branschregler och andra relaterade standarder som finns f\u00f6r att skydda privatpersoners integritet och r\u00e4ttigheter. Vi vill med denna policy f\u00f6rklara vilka personuppgifter vi samlar in om [&hellip;]<\/p>\n","protected":false},"author":1,"featured_media":0,"parent":0,"menu_order":0,"comment_status":"closed","ping_status":"closed","template":"","meta":{"_acf_changed":false,"inline_featured_image":false,"footnotes":""},"class_list":["post-1847","page","type-page","status-publish","hentry"],"acf":[],"yoast_head":"<!-- This site is optimized with the Yoast SEO plugin v27.5 - https:\/\/yoast.com\/product\/yoast-seo-wordpress\/ -->\n<title>Integritetspolicy - Ume\u00e5 Kommunf\u00f6retag AB<\/title>\n<meta name=\"robots\" content=\"index, follow, max-snippet:-1, max-image-preview:large, max-video-preview:-1\" \/>\n<link rel=\"canonical\" href=\"https:\/\/www.ukf.umea.se\/en\/integritetspolicy\/\" \/>\n<meta property=\"og:locale\" content=\"en_US\" \/>\n<meta property=\"og:type\" content=\"article\" \/>\n<meta property=\"og:title\" content=\"Integritetspolicy - Ume\u00e5 Kommunf\u00f6retag AB\" \/>\n<meta property=\"og:description\" content=\"1. Personuppgiftsansvarig &amp; kontaktuppgifter 1.1 Introduktion Ume\u00e5 Kommunf\u00f6retag AB v\u00e4rnar om din personliga integritet och dina personuppgifter. Vi efterstr\u00e4var en h\u00f6g niv\u00e5 av dataskydd och f\u00f6ljer de g\u00e4llande lagar, branschregler och andra relaterade standarder som finns f\u00f6r att skydda privatpersoners integritet och r\u00e4ttigheter. Vi vill med denna policy f\u00f6rklara vilka personuppgifter vi samlar in om [&hellip;]\" \/>\n<meta property=\"og:url\" content=\"https:\/\/www.ukf.umea.se\/en\/integritetspolicy\/\" \/>\n<meta property=\"og:site_name\" content=\"Ume\u00e5 Kommunf\u00f6retag AB\" \/>\n<meta property=\"article:modified_time\" content=\"2022-12-14T13:19:55+00:00\" \/>\n<meta property=\"og:image\" content=\"https:\/\/www.ukf.umea.se\/wp-content\/uploads\/2021\/02\/umea-kommun-parker-1070-Pano-scaled-e1613375232384.jpg\" \/>\n\t<meta property=\"og:image:width\" content=\"1920\" \/>\n\t<meta property=\"og:image:height\" content=\"1313\" \/>\n\t<meta property=\"og:image:type\" content=\"image\/jpeg\" \/>\n<meta name=\"twitter:card\" content=\"summary_large_image\" \/>\n<meta name=\"twitter:label1\" content=\"Est. reading time\" \/>\n\t<meta name=\"twitter:data1\" content=\"23 minutes\" \/>\n<script type=\"application\/ld+json\" class=\"yoast-schema-graph\">{\"@context\":\"https:\\\/\\\/schema.org\",\"@graph\":[{\"@type\":\"WebPage\",\"@id\":\"https:\\\/\\\/www.ukf.umea.se\\\/en\\\/integritetspolicy\\\/\",\"url\":\"https:\\\/\\\/www.ukf.umea.se\\\/en\\\/integritetspolicy\\\/\",\"name\":\"Integritetspolicy - Ume\u00e5 Kommunf\u00f6retag AB\",\"isPartOf\":{\"@id\":\"https:\\\/\\\/www.ukf.umea.se\\\/#website\"},\"datePublished\":\"2022-12-13T15:21:54+00:00\",\"dateModified\":\"2022-12-14T13:19:55+00:00\",\"breadcrumb\":{\"@id\":\"https:\\\/\\\/www.ukf.umea.se\\\/en\\\/integritetspolicy\\\/#breadcrumb\"},\"inLanguage\":\"en-US\",\"potentialAction\":[{\"@type\":\"ReadAction\",\"target\":[\"https:\\\/\\\/www.ukf.umea.se\\\/en\\\/integritetspolicy\\\/\"]}]},{\"@type\":\"BreadcrumbList\",\"@id\":\"https:\\\/\\\/www.ukf.umea.se\\\/en\\\/integritetspolicy\\\/#breadcrumb\",\"itemListElement\":[{\"@type\":\"ListItem\",\"position\":1,\"name\":\"Hem\",\"item\":\"https:\\\/\\\/www.ukf.umea.se\\\/\"},{\"@type\":\"ListItem\",\"position\":2,\"name\":\"Integritetspolicy\"}]},{\"@type\":\"WebSite\",\"@id\":\"https:\\\/\\\/www.ukf.umea.se\\\/#website\",\"url\":\"https:\\\/\\\/www.ukf.umea.se\\\/\",\"name\":\"Ume\u00e5 Kommunf\u00f6retag AB\",\"description\":\"Moderbolag f\u00f6r Ume\u00e5 Kommuns bolag\",\"publisher\":{\"@id\":\"https:\\\/\\\/www.ukf.umea.se\\\/#organization\"},\"potentialAction\":[{\"@type\":\"SearchAction\",\"target\":{\"@type\":\"EntryPoint\",\"urlTemplate\":\"https:\\\/\\\/www.ukf.umea.se\\\/?s={search_term_string}\"},\"query-input\":{\"@type\":\"PropertyValueSpecification\",\"valueRequired\":true,\"valueName\":\"search_term_string\"}}],\"inLanguage\":\"en-US\"},{\"@type\":\"Organization\",\"@id\":\"https:\\\/\\\/www.ukf.umea.se\\\/#organization\",\"name\":\"Ume\u00e5 Kommunf\u00f6retag AB\",\"url\":\"https:\\\/\\\/www.ukf.umea.se\\\/\",\"logo\":{\"@type\":\"ImageObject\",\"inLanguage\":\"en-US\",\"@id\":\"https:\\\/\\\/www.ukf.umea.se\\\/#\\\/schema\\\/logo\\\/image\\\/\",\"url\":\"https:\\\/\\\/ukf.umea.se\\\/wp-content\\\/uploads\\\/2021\\\/02\\\/UKF_A_RGB.jpg\",\"contentUrl\":\"https:\\\/\\\/ukf.umea.se\\\/wp-content\\\/uploads\\\/2021\\\/02\\\/UKF_A_RGB.jpg\",\"width\":875,\"height\":191,\"caption\":\"Ume\u00e5 Kommunf\u00f6retag AB\"},\"image\":{\"@id\":\"https:\\\/\\\/www.ukf.umea.se\\\/#\\\/schema\\\/logo\\\/image\\\/\"},\"sameAs\":[\"https:\\\/\\\/sv.wikipedia.org\\\/wiki\\\/Ume\u00e5_Kommunf\u00f6retag\"]}]}<\/script>\n<!-- \/ Yoast SEO plugin. -->","yoast_head_json":{"title":"Integritetspolicy - Ume\u00e5 Kommunf\u00f6retag AB","robots":{"index":"index","follow":"follow","max-snippet":"max-snippet:-1","max-image-preview":"max-image-preview:large","max-video-preview":"max-video-preview:-1"},"canonical":"https:\/\/www.ukf.umea.se\/en\/integritetspolicy\/","og_locale":"en_US","og_type":"article","og_title":"Integritetspolicy - Ume\u00e5 Kommunf\u00f6retag AB","og_description":"1. Personuppgiftsansvarig &amp; kontaktuppgifter 1.1 Introduktion Ume\u00e5 Kommunf\u00f6retag AB v\u00e4rnar om din personliga integritet och dina personuppgifter. Vi efterstr\u00e4var en h\u00f6g niv\u00e5 av dataskydd och f\u00f6ljer de g\u00e4llande lagar, branschregler och andra relaterade standarder som finns f\u00f6r att skydda privatpersoners integritet och r\u00e4ttigheter. Vi vill med denna policy f\u00f6rklara vilka personuppgifter vi samlar in om [&hellip;]","og_url":"https:\/\/www.ukf.umea.se\/en\/integritetspolicy\/","og_site_name":"Ume\u00e5 Kommunf\u00f6retag AB","article_modified_time":"2022-12-14T13:19:55+00:00","og_image":[{"width":1920,"height":1313,"url":"https:\/\/www.ukf.umea.se\/wp-content\/uploads\/2021\/02\/umea-kommun-parker-1070-Pano-scaled-e1613375232384.jpg","type":"image\/jpeg"}],"twitter_card":"summary_large_image","twitter_misc":{"Est. reading time":"23 minutes"},"schema":{"@context":"https:\/\/schema.org","@graph":[{"@type":"WebPage","@id":"https:\/\/www.ukf.umea.se\/en\/integritetspolicy\/","url":"https:\/\/www.ukf.umea.se\/en\/integritetspolicy\/","name":"Integritetspolicy - Ume\u00e5 Kommunf\u00f6retag AB","isPartOf":{"@id":"https:\/\/www.ukf.umea.se\/#website"},"datePublished":"2022-12-13T15:21:54+00:00","dateModified":"2022-12-14T13:19:55+00:00","breadcrumb":{"@id":"https:\/\/www.ukf.umea.se\/en\/integritetspolicy\/#breadcrumb"},"inLanguage":"en-US","potentialAction":[{"@type":"ReadAction","target":["https:\/\/www.ukf.umea.se\/en\/integritetspolicy\/"]}]},{"@type":"BreadcrumbList","@id":"https:\/\/www.ukf.umea.se\/en\/integritetspolicy\/#breadcrumb","itemListElement":[{"@type":"ListItem","position":1,"name":"Hem","item":"https:\/\/www.ukf.umea.se\/"},{"@type":"ListItem","position":2,"name":"Integritetspolicy"}]},{"@type":"WebSite","@id":"https:\/\/www.ukf.umea.se\/#website","url":"https:\/\/www.ukf.umea.se\/","name":"Ume\u00e5 Kommunf\u00f6retag AB","description":"Moderbolag f\u00f6r Ume\u00e5 Kommuns bolag","publisher":{"@id":"https:\/\/www.ukf.umea.se\/#organization"},"potentialAction":[{"@type":"SearchAction","target":{"@type":"EntryPoint","urlTemplate":"https:\/\/www.ukf.umea.se\/?s={search_term_string}"},"query-input":{"@type":"PropertyValueSpecification","valueRequired":true,"valueName":"search_term_string"}}],"inLanguage":"en-US"},{"@type":"Organization","@id":"https:\/\/www.ukf.umea.se\/#organization","name":"Ume\u00e5 Kommunf\u00f6retag AB","url":"https:\/\/www.ukf.umea.se\/","logo":{"@type":"ImageObject","inLanguage":"en-US","@id":"https:\/\/www.ukf.umea.se\/#\/schema\/logo\/image\/","url":"https:\/\/ukf.umea.se\/wp-content\/uploads\/2021\/02\/UKF_A_RGB.jpg","contentUrl":"https:\/\/ukf.umea.se\/wp-content\/uploads\/2021\/02\/UKF_A_RGB.jpg","width":875,"height":191,"caption":"Ume\u00e5 Kommunf\u00f6retag AB"},"image":{"@id":"https:\/\/www.ukf.umea.se\/#\/schema\/logo\/image\/"},"sameAs":["https:\/\/sv.wikipedia.org\/wiki\/Ume\u00e5_Kommunf\u00f6retag"]}]}},"_links":{"self":[{"href":"https:\/\/www.ukf.umea.se\/en\/wp-json\/wp\/v2\/pages\/1847","targetHints":{"allow":["GET"]}}],"collection":[{"href":"https:\/\/www.ukf.umea.se\/en\/wp-json\/wp\/v2\/pages"}],"about":[{"href":"https:\/\/www.ukf.umea.se\/en\/wp-json\/wp\/v2\/types\/page"}],"author":[{"embeddable":true,"href":"https:\/\/www.ukf.umea.se\/en\/wp-json\/wp\/v2\/users\/1"}],"replies":[{"embeddable":true,"href":"https:\/\/www.ukf.umea.se\/en\/wp-json\/wp\/v2\/comments?post=1847"}],"version-history":[{"count":27,"href":"https:\/\/www.ukf.umea.se\/en\/wp-json\/wp\/v2\/pages\/1847\/revisions"}],"predecessor-version":[{"id":1887,"href":"https:\/\/www.ukf.umea.se\/en\/wp-json\/wp\/v2\/pages\/1847\/revisions\/1887"}],"wp:attachment":[{"href":"https:\/\/www.ukf.umea.se\/en\/wp-json\/wp\/v2\/media?parent=1847"}],"curies":[{"name":"wp","href":"https:\/\/api.w.org\/{rel}","templated":true}]}}