{"id":1908,"date":"2023-03-17T13:48:59","date_gmt":"2023-03-17T12:48:59","guid":{"rendered":"https:\/\/ukf.umea.se\/?page_id=1908"},"modified":"2026-04-24T13:37:30","modified_gmt":"2026-04-24T11:37:30","slug":"aktuellt","status":"publish","type":"page","link":"https:\/\/www.ukf.umea.se\/en\/aktuellt\/","title":{"rendered":"Lediga jobb"},"content":{"rendered":"<div data-elementor-type=\"wp-page\" data-elementor-id=\"1908\" class=\"elementor elementor-1908\" data-elementor-post-type=\"page\">\n\t\t\t\t\t\t<section class=\"elementor-section elementor-top-section elementor-element elementor-element-4376275 elementor-section-boxed elementor-section-height-default elementor-section-height-default\" data-id=\"4376275\" data-element_type=\"section\" data-e-type=\"section\">\n\t\t\t\t\t\t<div class=\"elementor-container elementor-column-gap-default\">\n\t\t\t\t\t<div class=\"elementor-column elementor-col-100 elementor-top-column elementor-element elementor-element-dec6a8b\" data-id=\"dec6a8b\" data-element_type=\"column\" data-e-type=\"column\">\n\t\t\t<div class=\"elementor-widget-wrap elementor-element-populated\">\n\t\t\t\t\t\t<div class=\"elementor-element elementor-element-72a2b64 elementor-widget elementor-widget-heading\" data-id=\"72a2b64\" data-element_type=\"widget\" data-e-type=\"widget\" data-widget_type=\"heading.default\">\n\t\t\t\t<div class=\"elementor-widget-container\">\n\t\t\t\t\t<h2 class=\"elementor-heading-title elementor-size-default\">Ekonom till Ume\u00e5 Kommunf\u00f6retag<\/h2>\t\t\t\t<\/div>\n\t\t\t\t<\/div>\n\t\t\t\t\t<\/div>\n\t\t<\/div>\n\t\t\t\t\t<\/div>\n\t\t<\/section>\n\t\t\t\t<section class=\"elementor-section elementor-top-section elementor-element elementor-element-512a8f2 elementor-section-boxed elementor-section-height-default elementor-section-height-default\" data-id=\"512a8f2\" data-element_type=\"section\" data-e-type=\"section\">\n\t\t\t\t\t\t<div class=\"elementor-container elementor-column-gap-default\">\n\t\t\t\t\t<div class=\"elementor-column elementor-col-100 elementor-top-column elementor-element elementor-element-1b33ff7\" data-id=\"1b33ff7\" data-element_type=\"column\" data-e-type=\"column\">\n\t\t\t<div class=\"elementor-widget-wrap elementor-element-populated\">\n\t\t\t\t\t\t<div class=\"elementor-element elementor-element-1c3a95c elementor-widget elementor-widget-text-editor\" data-id=\"1c3a95c\" data-element_type=\"widget\" data-e-type=\"widget\" data-widget_type=\"text-editor.default\">\n\t\t\t\t<div class=\"elementor-widget-container\">\n\t\t\t\t\t\t\t\t\t<p><strong><em>Vill du arbeta brett med ekonomi och samtidigt bidra till samh\u00e4llsnytta i ett v\u00e4xande Ume\u00e5? <br><\/em><\/strong>Ume\u00e5 kommunf\u00f6retag AB (UKF) s\u00f6ker nu en ekonom som vill arbeta verksamhetsn\u00e4ra i en koncern med ett viktigt uppdrag.<\/p>\n<p><strong>About Ume\u00e5 Kommunf\u00f6retag <\/strong><\/p>\n<p>UKF \u00e4r moderbolag i Ume\u00e5 kommunkoncern och ansvarar f\u00f6r styrning, samordning och st\u00f6d till kommunens bolag. Ume\u00e5 Kommunf\u00f6retag vilar p\u00e5 fyra viktiga ben: kollektivtrafiken, ungt entrepren\u00f6rskap, administrationen av koncernen samt \u00e4gandet av dotterbolagen. Tillsammans med v\u00e5ra hel- och del\u00e4gda dotterbolag levererar vi samh\u00e4llsviktiga tj\u00e4nster inom bland annat bost\u00e4der, energi, vatten, avfall, infrastruktur och kultur.<\/p>\n<p>Hos oss f\u00e5r du m\u00f6jlighet att arbeta brett inom ekonomiomr\u00e5det och n\u00e4ra verksamheten, i en stabil organisation med fokus p\u00e5 kvalitet, l\u00e5ngsiktighet och samarbete. H\u00e4r blir du en del av ett kompetent team som varje dag bidrar till ett h\u00e5llbart Ume\u00e5.<\/p>\n<p><strong>Om rollen<\/strong><\/p>\n<p>Som ekonom hos Ume\u00e5 kommunf\u00f6retag arbetar du verksamhetsn\u00e4ra och brett med ekonomisk administration och st\u00f6d till flera bolag inom koncernen. Du blir en del av en central ekonomifunktion som fungerar som ekonomiavdelning f\u00f6r olika verksamheter med varierande behov, storlek och komplexitet.<\/p>\n<p>Rollen passar dig som trivs i en bred roll d\u00e4r du arbetar med allt fr\u00e5n l\u00f6pande redovisning och administration till f\u00f6rst\u00e5else f\u00f6r verksamhetens sammanhang och utmaningar.<br>Rollen inneb\u00e4r \u00e4ven att medverka till st\u00f6d f\u00f6r unga entrepren\u00f6rer tillsammans med inkubatorn BIC Factory.<\/p>\n<p><strong>Dina arbetsuppgifter<\/strong><\/p>\n<p>I rollen ing\u00e5r bland annat att:<\/p>\n<ul>\n<li>Arbeta med l\u00f6pande redovisning, bokslut och avst\u00e4mningar<\/li>\n<li>Hantera l\u00f6ner samt l\u00f6nerelaterade fr\u00e5gor, exempelvis pensioner<\/li>\n<li>Arbeta med kund- och leverant\u00f6rsreskontra<\/li>\n<li>St\u00f6tta verksamheter med ekonomisk uppf\u00f6ljning, budgetarbete och rapportering<\/li>\n<li>Delta i arbete med bidragsprojekt och viss f\u00f6rs\u00e4kringsrelaterad administration<\/li>\n<li>Medverka i utveckling och effektivisering av ekonomiprocesser, inklusive digitalisering<br><br><\/li>\n<\/ul>\n<p><strong>Vem vi s\u00f6ker<\/strong><\/p>\n<p>Vi s\u00f6ker dig som vill arbeta brett med ekonomi och som uppskattar att ha m\u00e5nga kontaktytor. Du \u00e4r trygg i din ekonomiska kompetens och tycker om att st\u00f6tta olika verksamheter utifr\u00e5n deras behov.<br><strong><br>Vi ser att du har:<\/strong><\/p>\n<ul>\n<li>Akademisk utbildning inom ekonomi, till exempel civilekonom eller motsvarande<\/li>\n<li>Fler\u00e5rig erfarenhet (cirka 5 \u00e5r eller mer) av kvalificerat ekonomiarbete<\/li>\n<li>Praktisk erfarenhet av redovisning och rapportering<\/li>\n<li>Erfarenhet av att arbeta brett inom ekonomi, g\u00e4rna i mindre organisation eller konsult-\/byr\u00e5roll<\/li>\n<li>Mycket god f\u00f6rm\u00e5ga att uttrycka dig p\u00e5 svenska i tal och skrift<br><br><\/li>\n<\/ul>\n<p><strong>Meriterande:<\/strong><\/p>\n<ul>\n<li>Erfarenhet av l\u00f6nehantering och personalrelaterade ekonomifr\u00e5gor<\/li>\n<li>Intresse f\u00f6r eller erfarenhet av digitalisering och automatisering av ekonomiprocesser<br><br><\/li>\n<\/ul>\n<p><strong>Personliga egenskaper<\/strong><\/p>\n<p>F\u00f6r att trivas och lyckas i rollen tror vi att du:<\/p>\n<ul>\n<li>\u00c4r initiativtagande och tar ansvar f\u00f6r ditt arbete<\/li>\n<\/ul>\n<ul>\n<li>Har god samarbetsf\u00f6rm\u00e5ga och trivs i team<\/li>\n<li>\u00c4r relationsskapande och gillar att arbeta verksamhetsn\u00e4ra<\/li>\n<li>\u00c4r noggrann, strukturerad och prestigel\u00f6s<\/li>\n<li>Har god probleml\u00f6sningsf\u00f6rm\u00e5ga och kan anpassa dig till olika verksamheters f\u00f6ruts\u00e4ttningar<br><br><\/li>\n<\/ul>\n<p><strong>Vi erbjuder dig<\/strong><\/p>\n<ul>\n<li>Ett varierat och ansvarsfullt arbete med tydlig samh\u00e4llsnytta<\/li>\n<li>En bred och utvecklande roll med stor insyn i olika verksamheter<\/li>\n<li>Ett kompetent team med god samarbetsanda<\/li>\n<li>M\u00f6jlighet att vara med och utveckla arbetss\u00e4tt och processer fram\u00e5t<\/li>\n<li>En central roll i en stabil och betydelsefull bolagskoncern<br><br><\/li>\n<\/ul>\n<p><strong>Ans\u00f6kan<\/strong><\/p>\n<p><strong>L\u00e5ter det h\u00e4r som n\u00e5got f\u00f6r dig?<\/strong><\/p>\n<p>V\u00e4lkommen med din ans\u00f6kan<strong> senast 2026-05-17<br><\/strong>Intervjuer kan komma att ske l\u00f6pande. Provanst\u00e4llning kan komma att till\u00e4mpas.<\/p>\n<p>Fr\u00e5gor? Kontakta rekryterande chef Olof Jansson, Ekonomichef UKF, <a href=\"mailto:olof.jansson@umea.se\">olof.jansson@umea.se<\/a><br>Fr\u00e5gor om rekryteringsprocessen kontakta HR, Emilie Karlsson <a href=\"mailto:emilie.karlsson@umea.se\">emilie.karlsson@umea.se<\/a><br>L\u00e4s mer om Ume\u00e5 Kommunf\u00f6retag och v\u00e5rt uppdrag p\u00e5 v\u00e5r hemsida www.ukf.umea.se.<\/p>\n<p><strong>Vi ser fram emot att h\u00f6ra fr\u00e5n dig!<\/strong><\/p>\n<p>Reklam? Nej tack. Vi har gjort v\u00e5rt val f\u00f6r rekryteringsannonsering.<\/p>\t\t\t\t\t\t\t\t<\/div>\n\t\t\t\t<\/div>\n\t\t\t\t\t<\/div>\n\t\t<\/div>\n\t\t\t\t\t<\/div>\n\t\t<\/section>\n\t\t\t\t<section class=\"elementor-section elementor-top-section elementor-element elementor-element-8faf21a elementor-section-boxed elementor-section-height-default elementor-section-height-default\" data-id=\"8faf21a\" data-element_type=\"section\" data-e-type=\"section\">\n\t\t\t\t\t\t<div class=\"elementor-container elementor-column-gap-default\">\n\t\t\t\t\t<div class=\"elementor-column elementor-col-100 elementor-top-column elementor-element elementor-element-93c764b\" data-id=\"93c764b\" data-element_type=\"column\" data-e-type=\"column\">\n\t\t\t<div class=\"elementor-widget-wrap elementor-element-populated\">\n\t\t\t\t\t\t<div class=\"elementor-element elementor-element-de91256 elementor-widget elementor-widget-button\" data-id=\"de91256\" data-element_type=\"widget\" data-e-type=\"widget\" data-widget_type=\"button.default\">\n\t\t\t\t<div class=\"elementor-widget-container\">\n\t\t\t\t\t\t\t\t\t<div class=\"elementor-button-wrapper\">\n\t\t\t\t\t<a class=\"elementor-button elementor-button-link elementor-size-sm\" href=\"https:\/\/apply.workspacerecruit.com\/job\/17631\" target=\"_blank\">\n\t\t\t\t\t\t<span class=\"elementor-button-content-wrapper\">\n\t\t\t\t\t\t\t\t\t<span class=\"elementor-button-text\">Ans\u00f6k h\u00e4r<\/span>\n\t\t\t\t\t<\/span>\n\t\t\t\t\t<\/a>\n\t\t\t\t<\/div>\n\t\t\t\t\t\t\t\t<\/div>\n\t\t\t\t<\/div>\n\t\t\t\t\t<\/div>\n\t\t<\/div>\n\t\t\t\t\t<\/div>\n\t\t<\/section>\n\t\t\t\t<\/div>","protected":false},"excerpt":{"rendered":"<p>Ekonom till Ume\u00e5 Kommunf\u00f6retag Vill du arbeta brett med ekonomi och samtidigt bidra till samh\u00e4llsnytta i ett v\u00e4xande Ume\u00e5? Ume\u00e5 kommunf\u00f6retag AB (UKF) s\u00f6ker nu en ekonom som vill arbeta verksamhetsn\u00e4ra i en koncern med ett viktigt uppdrag. Om Ume\u00e5 Kommunf\u00f6retag UKF \u00e4r moderbolag i Ume\u00e5 kommunkoncern och ansvarar f\u00f6r styrning, samordning och st\u00f6d till [&hellip;]<\/p>\n","protected":false},"author":1,"featured_media":0,"parent":0,"menu_order":7,"comment_status":"closed","ping_status":"closed","template":"","meta":{"_acf_changed":false,"inline_featured_image":false,"footnotes":""},"class_list":["post-1908","page","type-page","status-publish","hentry"],"acf":[],"yoast_head":"<!-- This site is optimized with the Yoast SEO plugin v27.5 - https:\/\/yoast.com\/product\/yoast-seo-wordpress\/ -->\n<title>Lediga jobb - Ume\u00e5 Kommunf\u00f6retag AB<\/title>\n<meta name=\"robots\" content=\"index, follow, max-snippet:-1, max-image-preview:large, max-video-preview:-1\" \/>\n<link rel=\"canonical\" href=\"https:\/\/www.ukf.umea.se\/en\/aktuellt\/\" \/>\n<meta property=\"og:locale\" content=\"en_US\" \/>\n<meta property=\"og:type\" content=\"article\" \/>\n<meta property=\"og:title\" content=\"Lediga jobb - Ume\u00e5 Kommunf\u00f6retag AB\" \/>\n<meta property=\"og:description\" content=\"Ekonom till Ume\u00e5 Kommunf\u00f6retag Vill du arbeta brett med ekonomi och samtidigt bidra till samh\u00e4llsnytta i ett v\u00e4xande Ume\u00e5? Ume\u00e5 kommunf\u00f6retag AB (UKF) s\u00f6ker nu en ekonom som vill arbeta verksamhetsn\u00e4ra i en koncern med ett viktigt uppdrag. Om Ume\u00e5 Kommunf\u00f6retag UKF \u00e4r moderbolag i Ume\u00e5 kommunkoncern och ansvarar f\u00f6r styrning, samordning och st\u00f6d till [&hellip;]\" \/>\n<meta property=\"og:url\" content=\"https:\/\/www.ukf.umea.se\/en\/aktuellt\/\" \/>\n<meta property=\"og:site_name\" content=\"Ume\u00e5 Kommunf\u00f6retag AB\" \/>\n<meta property=\"article:modified_time\" content=\"2026-04-24T11:37:30+00:00\" \/>\n<meta property=\"og:image\" content=\"https:\/\/www.ukf.umea.se\/wp-content\/uploads\/2021\/02\/umea-kommun-parker-1070-Pano-scaled-e1613375232384.jpg\" \/>\n\t<meta property=\"og:image:width\" content=\"1920\" \/>\n\t<meta property=\"og:image:height\" content=\"1313\" \/>\n\t<meta property=\"og:image:type\" content=\"image\/jpeg\" \/>\n<meta name=\"twitter:card\" content=\"summary_large_image\" \/>\n<meta name=\"twitter:label1\" content=\"Est. reading time\" \/>\n\t<meta name=\"twitter:data1\" content=\"3 minutes\" \/>\n<script type=\"application\/ld+json\" class=\"yoast-schema-graph\">{\"@context\":\"https:\\\/\\\/schema.org\",\"@graph\":[{\"@type\":\"WebPage\",\"@id\":\"https:\\\/\\\/www.ukf.umea.se\\\/aktuellt\\\/\",\"url\":\"https:\\\/\\\/www.ukf.umea.se\\\/aktuellt\\\/\",\"name\":\"Lediga jobb - Ume\u00e5 Kommunf\u00f6retag AB\",\"isPartOf\":{\"@id\":\"https:\\\/\\\/www.ukf.umea.se\\\/#website\"},\"datePublished\":\"2023-03-17T12:48:59+00:00\",\"dateModified\":\"2026-04-24T11:37:30+00:00\",\"breadcrumb\":{\"@id\":\"https:\\\/\\\/www.ukf.umea.se\\\/aktuellt\\\/#breadcrumb\"},\"inLanguage\":\"en-US\",\"potentialAction\":[{\"@type\":\"ReadAction\",\"target\":[\"https:\\\/\\\/www.ukf.umea.se\\\/aktuellt\\\/\"]}]},{\"@type\":\"BreadcrumbList\",\"@id\":\"https:\\\/\\\/www.ukf.umea.se\\\/aktuellt\\\/#breadcrumb\",\"itemListElement\":[{\"@type\":\"ListItem\",\"position\":1,\"name\":\"Hem\",\"item\":\"https:\\\/\\\/www.ukf.umea.se\\\/\"},{\"@type\":\"ListItem\",\"position\":2,\"name\":\"Lediga jobb\"}]},{\"@type\":\"WebSite\",\"@id\":\"https:\\\/\\\/www.ukf.umea.se\\\/#website\",\"url\":\"https:\\\/\\\/www.ukf.umea.se\\\/\",\"name\":\"Ume\u00e5 Kommunf\u00f6retag AB\",\"description\":\"Moderbolag f\u00f6r Ume\u00e5 Kommuns bolag\",\"publisher\":{\"@id\":\"https:\\\/\\\/www.ukf.umea.se\\\/#organization\"},\"potentialAction\":[{\"@type\":\"SearchAction\",\"target\":{\"@type\":\"EntryPoint\",\"urlTemplate\":\"https:\\\/\\\/www.ukf.umea.se\\\/?s={search_term_string}\"},\"query-input\":{\"@type\":\"PropertyValueSpecification\",\"valueRequired\":true,\"valueName\":\"search_term_string\"}}],\"inLanguage\":\"en-US\"},{\"@type\":\"Organization\",\"@id\":\"https:\\\/\\\/www.ukf.umea.se\\\/#organization\",\"name\":\"Ume\u00e5 Kommunf\u00f6retag AB\",\"url\":\"https:\\\/\\\/www.ukf.umea.se\\\/\",\"logo\":{\"@type\":\"ImageObject\",\"inLanguage\":\"en-US\",\"@id\":\"https:\\\/\\\/www.ukf.umea.se\\\/#\\\/schema\\\/logo\\\/image\\\/\",\"url\":\"https:\\\/\\\/ukf.umea.se\\\/wp-content\\\/uploads\\\/2021\\\/02\\\/UKF_A_RGB.jpg\",\"contentUrl\":\"https:\\\/\\\/ukf.umea.se\\\/wp-content\\\/uploads\\\/2021\\\/02\\\/UKF_A_RGB.jpg\",\"width\":875,\"height\":191,\"caption\":\"Ume\u00e5 Kommunf\u00f6retag AB\"},\"image\":{\"@id\":\"https:\\\/\\\/www.ukf.umea.se\\\/#\\\/schema\\\/logo\\\/image\\\/\"},\"sameAs\":[\"https:\\\/\\\/sv.wikipedia.org\\\/wiki\\\/Ume\u00e5_Kommunf\u00f6retag\"]}]}<\/script>\n<!-- \/ Yoast SEO plugin. -->","yoast_head_json":{"title":"Lediga jobb - Ume\u00e5 Kommunf\u00f6retag AB","robots":{"index":"index","follow":"follow","max-snippet":"max-snippet:-1","max-image-preview":"max-image-preview:large","max-video-preview":"max-video-preview:-1"},"canonical":"https:\/\/www.ukf.umea.se\/en\/aktuellt\/","og_locale":"en_US","og_type":"article","og_title":"Lediga jobb - Ume\u00e5 Kommunf\u00f6retag AB","og_description":"Ekonom till Ume\u00e5 Kommunf\u00f6retag Vill du arbeta brett med ekonomi och samtidigt bidra till samh\u00e4llsnytta i ett v\u00e4xande Ume\u00e5? Ume\u00e5 kommunf\u00f6retag AB (UKF) s\u00f6ker nu en ekonom som vill arbeta verksamhetsn\u00e4ra i en koncern med ett viktigt uppdrag. Om Ume\u00e5 Kommunf\u00f6retag UKF \u00e4r moderbolag i Ume\u00e5 kommunkoncern och ansvarar f\u00f6r styrning, samordning och st\u00f6d till [&hellip;]","og_url":"https:\/\/www.ukf.umea.se\/en\/aktuellt\/","og_site_name":"Ume\u00e5 Kommunf\u00f6retag AB","article_modified_time":"2026-04-24T11:37:30+00:00","og_image":[{"width":1920,"height":1313,"url":"https:\/\/www.ukf.umea.se\/wp-content\/uploads\/2021\/02\/umea-kommun-parker-1070-Pano-scaled-e1613375232384.jpg","type":"image\/jpeg"}],"twitter_card":"summary_large_image","twitter_misc":{"Est. reading time":"3 minutes"},"schema":{"@context":"https:\/\/schema.org","@graph":[{"@type":"WebPage","@id":"https:\/\/www.ukf.umea.se\/aktuellt\/","url":"https:\/\/www.ukf.umea.se\/aktuellt\/","name":"Lediga jobb - Ume\u00e5 Kommunf\u00f6retag AB","isPartOf":{"@id":"https:\/\/www.ukf.umea.se\/#website"},"datePublished":"2023-03-17T12:48:59+00:00","dateModified":"2026-04-24T11:37:30+00:00","breadcrumb":{"@id":"https:\/\/www.ukf.umea.se\/aktuellt\/#breadcrumb"},"inLanguage":"en-US","potentialAction":[{"@type":"ReadAction","target":["https:\/\/www.ukf.umea.se\/aktuellt\/"]}]},{"@type":"BreadcrumbList","@id":"https:\/\/www.ukf.umea.se\/aktuellt\/#breadcrumb","itemListElement":[{"@type":"ListItem","position":1,"name":"Hem","item":"https:\/\/www.ukf.umea.se\/"},{"@type":"ListItem","position":2,"name":"Lediga jobb"}]},{"@type":"WebSite","@id":"https:\/\/www.ukf.umea.se\/#website","url":"https:\/\/www.ukf.umea.se\/","name":"Ume\u00e5 Kommunf\u00f6retag AB","description":"Moderbolag f\u00f6r Ume\u00e5 Kommuns bolag","publisher":{"@id":"https:\/\/www.ukf.umea.se\/#organization"},"potentialAction":[{"@type":"SearchAction","target":{"@type":"EntryPoint","urlTemplate":"https:\/\/www.ukf.umea.se\/?s={search_term_string}"},"query-input":{"@type":"PropertyValueSpecification","valueRequired":true,"valueName":"search_term_string"}}],"inLanguage":"en-US"},{"@type":"Organization","@id":"https:\/\/www.ukf.umea.se\/#organization","name":"Ume\u00e5 Kommunf\u00f6retag AB","url":"https:\/\/www.ukf.umea.se\/","logo":{"@type":"ImageObject","inLanguage":"en-US","@id":"https:\/\/www.ukf.umea.se\/#\/schema\/logo\/image\/","url":"https:\/\/ukf.umea.se\/wp-content\/uploads\/2021\/02\/UKF_A_RGB.jpg","contentUrl":"https:\/\/ukf.umea.se\/wp-content\/uploads\/2021\/02\/UKF_A_RGB.jpg","width":875,"height":191,"caption":"Ume\u00e5 Kommunf\u00f6retag AB"},"image":{"@id":"https:\/\/www.ukf.umea.se\/#\/schema\/logo\/image\/"},"sameAs":["https:\/\/sv.wikipedia.org\/wiki\/Ume\u00e5_Kommunf\u00f6retag"]}]}},"_links":{"self":[{"href":"https:\/\/www.ukf.umea.se\/en\/wp-json\/wp\/v2\/pages\/1908","targetHints":{"allow":["GET"]}}],"collection":[{"href":"https:\/\/www.ukf.umea.se\/en\/wp-json\/wp\/v2\/pages"}],"about":[{"href":"https:\/\/www.ukf.umea.se\/en\/wp-json\/wp\/v2\/types\/page"}],"author":[{"embeddable":true,"href":"https:\/\/www.ukf.umea.se\/en\/wp-json\/wp\/v2\/users\/1"}],"replies":[{"embeddable":true,"href":"https:\/\/www.ukf.umea.se\/en\/wp-json\/wp\/v2\/comments?post=1908"}],"version-history":[{"count":32,"href":"https:\/\/www.ukf.umea.se\/en\/wp-json\/wp\/v2\/pages\/1908\/revisions"}],"predecessor-version":[{"id":2209,"href":"https:\/\/www.ukf.umea.se\/en\/wp-json\/wp\/v2\/pages\/1908\/revisions\/2209"}],"wp:attachment":[{"href":"https:\/\/www.ukf.umea.se\/en\/wp-json\/wp\/v2\/media?parent=1908"}],"curies":[{"name":"wp","href":"https:\/\/api.w.org\/{rel}","templated":true}]}}